{"id":10553,"date":"2026-02-13T17:24:59","date_gmt":"2026-02-13T16:24:59","guid":{"rendered":"https:\/\/www.flexigard.fr\/rechtliche-hinweise\/"},"modified":"2026-02-13T17:25:00","modified_gmt":"2026-02-13T16:25:00","slug":"rechtliche-hinweise","status":"publish","type":"page","link":"https:\/\/www.flexigard.fr\/de\/rechtliche-hinweise\/","title":{"rendered":"Rechtliche Hinweise"},"content":{"rendered":"\n<h2 class=\"wp-block-heading\"> Flexigard<\/h2>\n\n<p>Die Adresse unserer Website lautet: https:\/\/www.flexigard.fr<\/p>\n\n<p>Sie sind derzeit mit der Website <a href=\"https:\/\/www.flexigard.fr\/de\/\">https:\/\/www.flexigard.fr<\/a> verbunden, die bei <a href=\"https:\/\/www.ovh.com\/fr\/\">OVH<\/a> gehostet wird.<br\/>Die nachstehenden rechtlichen Hinweise zu den Nutzungsbedingungen dieser Website gelten f\u00fcr jede Person, die darauf zugreift und im Text als \u201eNutzer\u201c bezeichnet wird. <\/p>\n\n<h4 class=\"wp-block-heading\"><strong>Verantwortlicher der Website<\/strong><\/h4>\n\n<p>Die Website wird von Flexigard und den von Flexigard ausgew\u00e4hlten Dienstleistern in den Bereichen Website-Management und -Administration verwaltet und betreut. <br\/>Verantwortlicher f\u00fcr die Ver\u00f6ffentlichung: St\u00e9phane CAZORLA<br\/><\/p>\n\n<p> <br\/><strong>Flexigard<\/strong><br\/>ZAC des Plati\u00e8res &#8211; Chemin de la Jaconne <br\/>38670 CHASSE SUR RHONE <br\/>Tel: 04 72 49 31 90 Fax: 04 72 24 04 67 <\/p>\n\n<p>\u00a0 <\/p>\n\n<h2 class=\"wp-block-heading\"><strong>Urheberrechte \/ Copyright<\/strong> <\/h2>\n\n<p>\nDie auf dieser Website erscheinenden Marken und Logos sind \neingetragene Marken. Ihre Erw\u00e4hnung gew\u00e4hrt in keiner Weise eine Lizenz oder ein \nNutzungsrecht an diesen Marken, die daher nicht \nohne die vorherige schriftliche Zustimmung des Markeninhabers \nverwendet werden d\u00fcrfen, da dies sonst eine F\u00e4lschung darstellt. \n<\/p>\n\n<p>Alle auf dieser Website enthaltenen Informationen d\u00fcrfen unter folgenden Bedingungen heruntergeladen, reproduziert und ausgedruckt werden:<\/p>\n\n<ul class=\"wp-block-list\"><li>diese Informationen nur zu Informationszwecken und keinesfalls zu kommerziellen Zwecken zu nutzen;<\/li><li>diese Informationen nicht zu \u00e4ndern;<\/li><li>auf allen Kopien den Urheberrechtshinweis (\u201eCopyright\u201c) anzubringen: Flexigard<\/li><\/ul>\n\n<p>Jede andere nicht ausdr\u00fccklich genehmigte Nutzung ist ohne vorherige schriftliche Genehmigung von Flexigard strengstens untersagt<em>.<\/em><br\/>Die Verwendung des Flexigard-Logos ist ohne vorherige Genehmigung nicht gestattet.<br\/><br\/><\/p>\n\n<h4 class=\"wp-block-heading\"><strong>Haftung<br\/><\/strong><\/h4>\n\n<p>Alle \u00fcber diese Website zug\u00e4nglichen Informationen werden im Ist-Zustand bereitgestellt. Flexigard \u00fcbernimmt keine ausdr\u00fcckliche oder stillschweigende Garantie und keine Verantwortung f\u00fcr die Nutzung dieser Informationen. Flexigard ist weder f\u00fcr die Richtigkeit noch f\u00fcr Fehler oder Auslassungen auf dieser Website verantwortlich. Der Nutzer ist allein f\u00fcr die Verwendung solcher Informationen verantwortlich. Flexigard beh\u00e4lt sich das Recht vor, diese Bedingungen jederzeit zu \u00e4ndern, insbesondere durch Aktualisierung dieser Website. Flexigard kann nicht f\u00fcr direkte oder indirekte Sch\u00e4den haftbar gemacht werden, die sich aus Informationen auf dieser Website ergeben. Der Nutzer verpflichtet sich, auf dieser Website keine Informationen zu \u00fcbermitteln, die eine zivil- oder strafrechtliche Haftung nach sich ziehen k\u00f6nnten, und verpflichtet sich, \u00fcber diese Website keine illegalen, gegen die \u00f6ffentliche Ordnung versto\u00dfenden oder diffamierenden Informationen zu verbreiten.      <br\/><br\/><\/p>\n\n<h4 class=\"wp-block-heading\"><strong>Hyperlink<br\/><\/strong><\/h4>\n\n<p>Die von der Flexigard-Website zu externen Websites eingerichteten Links k\u00f6nnen die Verantwortung von Flexigard nicht begr\u00fcnden, insbesondere im Hinblick auf den Inhalt dieser Websites, aber auch auf technische Risiken. Indem Sie die Nutzung eines Hyperlinks zum Zugriff auf eine externe Website akzeptieren, erkl\u00e4ren Sie sich damit einverstanden, die Risiken zu tragen und m\u00f6gliche direkte oder indirekte Sch\u00e4den zu erleiden. Die Erstellung von Hyperlinks zur Flexigard-Website ist uneingeschr\u00e4nkt gestattet.  <\/p>\n\n<hr class=\"wp-block-separator\"\/>\n\n<h2 class=\"wp-block-heading\">Datenschutzrichtlinie<\/h2>\n\n<h3 class=\"wp-block-heading\"><br\/>Pers\u00f6nliche Daten <\/h3>\n\n<p>Die von Flexigard gesammelten Informationen stammen aus der freiwilligen Mitteilung von Einzelpersonen durch deren Eingabe in Online-Formulare.<br\/>Die personenbezogenen Daten werden ausschlie\u00dflich f\u00fcr den internen Gebrauch bei Flexigard gesammelt und nicht an Dritte weitergegeben.<\/p>\n\n<p>Gem\u00e4\u00df dem Gesetz Nr. 78-17 vom 6. Januar 1978 \u00fcber \nInformatik, Dateien und Freiheiten (genannt \u201e\nDatenschutzgesetz\u201c) haben Sie ein Recht auf Zugang, \u00c4nderung, \nBerichtigung und L\u00f6schung der Sie betreffenden Daten.<\/p>\n\n<p>Um dieses Zugangsrecht auszu\u00fcben, wendet sich der Nutzer an:<br\/><\/p>\n\n<p> <strong>Flexigard<\/strong><br\/>ZAC des Plati\u00e8res &#8211; Chemin de la Jaconne <br\/>38670 CHASSE SUR RHONE <br\/>Tel: 04 72 49 31 90 Fax: 04 72 24 04 67 <br\/><br\/><\/p>\n\n<h3 class=\"wp-block-heading\">Cookies<\/h3>\n\n<p>Cookies sind wichtig f\u00fcr das reibungslose Funktionieren einer Website. Flexigard verwendet Cookies, um Ihnen ein auf Ihre Interessen zugeschnittenes Angebot zu unterbreiten. Flexigard verwendet das Tool Google Analytics, um anonyme Statistiken \u00fcber die Nutzung der Website durch Internetnutzer zu sammeln (z. B. die meistbesuchten Seiten, die Anzahl der Besucher, die verwendeten Browser, &#8230;). Wenn Sie auf unserer Website surfen, wird ein Google Analytics-Cookie auf Ihrem Computer abgelegt.  <\/p>\n\n<p>Sie haben die Wahl, Ihren Browser so zu konfigurieren, dass er alle Cookies akzeptiert, alle Cookies ablehnt, Sie informiert, wenn ein Cookie ausgegeben wird, dessen G\u00fcltigkeitsdauer und Inhalt anzeigt und Ihnen erm\u00f6glicht, dessen Speicherung auf Ihrem Ger\u00e4t abzulehnen und Ihre Cookies regelm\u00e4\u00dfig zu l\u00f6schen.<br\/><br\/><\/p>\n\n<h4 class=\"wp-block-heading\"><strong>So konfigurieren Sie Ihren Browser:<\/strong><\/h4>\n\n<p>Internet Explorer\u2122 Browser: <a href=\"https:\/\/windows.microsoft.com\/fr-fr\/internet-explorer\/delete-manage-cookies#ie=ie-11\" target=\"_blank\" rel=\"noreferrer noopener\">https:\/\/windows.microsoft.com\/fr-fr\/internet-explorer\/delete-manage-cookies#ie=ie-11<\/a><br\/> Safari\u2122 Browser: <a href=\"https:\/\/support.apple.com\/kb\/HT1677?viewlocale=fr_FR\" target=\"_blank\" rel=\"noreferrer noopener\">https:\/\/support.apple.com\/kb\/HT1677?viewlocale=fr_FR<\/a><br\/> Chrome\u2122 Browser: <a href=\"https:\/\/support.google.com\/chrome\/answer\/95647?hl=fr&amp;hlrm=en\" target=\"_blank\" rel=\"noreferrer noopener\">https:\/\/support.google.com\/chrome\/answer\/95647?hl=fr&amp;hlrm=en<\/a><br\/> Firefox\u2122 Browser: <a href=\"https:\/\/support.mozilla.org\/fr\/kb\/Activer%20et%20d%C3%A9sactiver%20les%20cookies\" target=\"_blank\" rel=\"noreferrer noopener\">https:\/\/support.mozilla.org\/fr\/kb\/Activer%20et%20d%C3%A9sactiver%20les%20cookies<\/a><br\/> Opera\u2122 Browser: <a href=\"https:\/\/help.opera.com\/Windows\/10.20\/fr\/cookies.html\" target=\"_blank\" rel=\"noreferrer noopener\">https:\/\/help.opera.com\/Windows\/10.20\/fr\/cookies.html<\/a><\/p>\n","protected":false},"excerpt":{"rendered":"<p>Flexigard Die Adresse unserer Website lautet: https:\/\/www.flexigard.fr Sie sind derzeit mit der Website https:\/\/www.flexigard.fr verbunden, die bei OVH gehostet wird.Die nachstehenden rechtlichen Hinweise zu den Nutzungsbedingungen dieser Website gelten f\u00fcr jede Person, die darauf zugreift und im Text als \u201eNutzer\u201c bezeichnet wird. Verantwortlicher der Website Die Website wird von Flexigard und den von Flexigard ausgew\u00e4hlten&hellip;<\/p>\n","protected":false},"author":1,"featured_media":0,"parent":0,"menu_order":0,"comment_status":"closed","ping_status":"closed","template":"","meta":{"cybocfi_hide_featured_image":"","footnotes":""},"class_list":["post-10553","page","type-page","status-publish","hentry","description-off"],"yoast_head":"<!-- This site is optimized with the Yoast SEO plugin v27.4 - https:\/\/yoast.com\/product\/yoast-seo-wordpress\/ -->\n<title>Rechtliche Hinweise - Flexigard\u00ae Vitrage polycarbonate<\/title>\n<meta name=\"description\" content=\"COMAPLEX, Hersteller der Marke Flexigard\u00ae, spezialisiert auf Kunststoffverarbeitung, Kunststoffblechbearbeitung und Thermoformen, entwickelt komplette industrielle L\u00f6sungen aus Thermoplast.\" \/>\n<meta name=\"robots\" content=\"index, follow, max-snippet:-1, max-image-preview:large, max-video-preview:-1\" \/>\n<link rel=\"canonical\" href=\"https:\/\/www.flexigard.fr\/de\/rechtliche-hinweise\/\" \/>\n<meta property=\"og:locale\" content=\"de_DE\" \/>\n<meta property=\"og:type\" content=\"article\" \/>\n<meta property=\"og:title\" content=\"Rechtliche Hinweise - Flexigard\u00ae Vitrage polycarbonate\" \/>\n<meta property=\"og:description\" content=\"COMAPLEX, Hersteller der Marke Flexigard\u00ae, spezialisiert auf Kunststoffverarbeitung, Kunststoffblechbearbeitung und Thermoformen, entwickelt komplette industrielle L\u00f6sungen aus Thermoplast.\" \/>\n<meta property=\"og:url\" content=\"https:\/\/www.flexigard.fr\/de\/rechtliche-hinweise\/\" \/>\n<meta property=\"og:site_name\" content=\"Flexigard\u00ae Vitrage polycarbonate\" \/>\n<meta property=\"article:modified_time\" content=\"2026-02-13T16:25:00+00:00\" \/>\n<meta name=\"twitter:card\" content=\"summary_large_image\" \/>\n<meta name=\"twitter:label1\" content=\"Gesch\u00e4tzte Lesezeit\" \/>\n\t<meta name=\"twitter:data1\" content=\"4\u00a0Minuten\" \/>\n<script type=\"application\/ld+json\" class=\"yoast-schema-graph\">{\"@context\":\"https:\\\/\\\/schema.org\",\"@graph\":[{\"@type\":\"WebPage\",\"@id\":\"https:\\\/\\\/www.flexigard.fr\\\/de\\\/rechtliche-hinweise\\\/\",\"url\":\"https:\\\/\\\/www.flexigard.fr\\\/de\\\/rechtliche-hinweise\\\/\",\"name\":\"Rechtliche Hinweise - Flexigard\u00ae Vitrage polycarbonate\",\"isPartOf\":{\"@id\":\"https:\\\/\\\/www.flexigard.fr\\\/de\\\/#website\"},\"datePublished\":\"2026-02-13T16:24:59+00:00\",\"dateModified\":\"2026-02-13T16:25:00+00:00\",\"description\":\"COMAPLEX, Hersteller der Marke Flexigard\u00ae, spezialisiert auf Kunststoffverarbeitung, Kunststoffblechbearbeitung und Thermoformen, entwickelt komplette industrielle L\u00f6sungen aus Thermoplast.\",\"breadcrumb\":{\"@id\":\"https:\\\/\\\/www.flexigard.fr\\\/de\\\/rechtliche-hinweise\\\/#breadcrumb\"},\"inLanguage\":\"de\",\"potentialAction\":[{\"@type\":\"ReadAction\",\"target\":[\"https:\\\/\\\/www.flexigard.fr\\\/de\\\/rechtliche-hinweise\\\/\"]}]},{\"@type\":\"BreadcrumbList\",\"@id\":\"https:\\\/\\\/www.flexigard.fr\\\/de\\\/rechtliche-hinweise\\\/#breadcrumb\",\"itemListElement\":[{\"@type\":\"ListItem\",\"position\":1,\"name\":\"Accueil\",\"item\":\"https:\\\/\\\/www.flexigard.fr\\\/de\\\/startseite\\\/\"},{\"@type\":\"ListItem\",\"position\":2,\"name\":\"Rechtliche Hinweise\"}]},{\"@type\":\"WebSite\",\"@id\":\"https:\\\/\\\/www.flexigard.fr\\\/de\\\/#website\",\"url\":\"https:\\\/\\\/www.flexigard.fr\\\/de\\\/\",\"name\":\"Flexigard\u00ae Vitrage polycarbonate\",\"description\":\"Vitrages de protection en polycarbonate\",\"publisher\":{\"@id\":\"https:\\\/\\\/www.flexigard.fr\\\/de\\\/#organization\"},\"potentialAction\":[{\"@type\":\"SearchAction\",\"target\":{\"@type\":\"EntryPoint\",\"urlTemplate\":\"https:\\\/\\\/www.flexigard.fr\\\/de\\\/?s={search_term_string}\"},\"query-input\":{\"@type\":\"PropertyValueSpecification\",\"valueRequired\":true,\"valueName\":\"search_term_string\"}}],\"inLanguage\":\"de\"},{\"@type\":\"Organization\",\"@id\":\"https:\\\/\\\/www.flexigard.fr\\\/de\\\/#organization\",\"name\":\"Comaplex fabricant de la marque Flexigard\u00ae\",\"url\":\"https:\\\/\\\/www.flexigard.fr\\\/de\\\/\",\"logo\":{\"@type\":\"ImageObject\",\"inLanguage\":\"de\",\"@id\":\"https:\\\/\\\/www.flexigard.fr\\\/de\\\/#\\\/schema\\\/logo\\\/image\\\/\",\"url\":\"https:\\\/\\\/www.flexigard.fr\\\/wp-content\\\/uploads\\\/2019\\\/03\\\/logo-Comaplex-Ingeplast.jpg\",\"contentUrl\":\"https:\\\/\\\/www.flexigard.fr\\\/wp-content\\\/uploads\\\/2019\\\/03\\\/logo-Comaplex-Ingeplast.jpg\",\"width\":440,\"height\":218,\"caption\":\"Comaplex fabricant de la marque Flexigard\u00ae\"},\"image\":{\"@id\":\"https:\\\/\\\/www.flexigard.fr\\\/de\\\/#\\\/schema\\\/logo\\\/image\\\/\"},\"sameAs\":[\"https:\\\/\\\/fr.linkedin.com\\\/company\\\/comaplex-usinage-plastique\"]}]}<\/script>\n<!-- \/ Yoast SEO plugin. -->","yoast_head_json":{"title":"Rechtliche Hinweise - Flexigard\u00ae Vitrage polycarbonate","description":"COMAPLEX, Hersteller der Marke Flexigard\u00ae, spezialisiert auf Kunststoffverarbeitung, Kunststoffblechbearbeitung und Thermoformen, entwickelt komplette industrielle L\u00f6sungen aus Thermoplast.","robots":{"index":"index","follow":"follow","max-snippet":"max-snippet:-1","max-image-preview":"max-image-preview:large","max-video-preview":"max-video-preview:-1"},"canonical":"https:\/\/www.flexigard.fr\/de\/rechtliche-hinweise\/","og_locale":"de_DE","og_type":"article","og_title":"Rechtliche Hinweise - Flexigard\u00ae Vitrage polycarbonate","og_description":"COMAPLEX, Hersteller der Marke Flexigard\u00ae, spezialisiert auf Kunststoffverarbeitung, Kunststoffblechbearbeitung und Thermoformen, entwickelt komplette industrielle L\u00f6sungen aus Thermoplast.","og_url":"https:\/\/www.flexigard.fr\/de\/rechtliche-hinweise\/","og_site_name":"Flexigard\u00ae Vitrage polycarbonate","article_modified_time":"2026-02-13T16:25:00+00:00","twitter_card":"summary_large_image","twitter_misc":{"Gesch\u00e4tzte Lesezeit":"4\u00a0Minuten"},"schema":{"@context":"https:\/\/schema.org","@graph":[{"@type":"WebPage","@id":"https:\/\/www.flexigard.fr\/de\/rechtliche-hinweise\/","url":"https:\/\/www.flexigard.fr\/de\/rechtliche-hinweise\/","name":"Rechtliche Hinweise - Flexigard\u00ae Vitrage polycarbonate","isPartOf":{"@id":"https:\/\/www.flexigard.fr\/de\/#website"},"datePublished":"2026-02-13T16:24:59+00:00","dateModified":"2026-02-13T16:25:00+00:00","description":"COMAPLEX, Hersteller der Marke Flexigard\u00ae, spezialisiert auf Kunststoffverarbeitung, Kunststoffblechbearbeitung und Thermoformen, entwickelt komplette industrielle L\u00f6sungen aus Thermoplast.","breadcrumb":{"@id":"https:\/\/www.flexigard.fr\/de\/rechtliche-hinweise\/#breadcrumb"},"inLanguage":"de","potentialAction":[{"@type":"ReadAction","target":["https:\/\/www.flexigard.fr\/de\/rechtliche-hinweise\/"]}]},{"@type":"BreadcrumbList","@id":"https:\/\/www.flexigard.fr\/de\/rechtliche-hinweise\/#breadcrumb","itemListElement":[{"@type":"ListItem","position":1,"name":"Accueil","item":"https:\/\/www.flexigard.fr\/de\/startseite\/"},{"@type":"ListItem","position":2,"name":"Rechtliche Hinweise"}]},{"@type":"WebSite","@id":"https:\/\/www.flexigard.fr\/de\/#website","url":"https:\/\/www.flexigard.fr\/de\/","name":"Flexigard\u00ae Vitrage polycarbonate","description":"Vitrages de protection en polycarbonate","publisher":{"@id":"https:\/\/www.flexigard.fr\/de\/#organization"},"potentialAction":[{"@type":"SearchAction","target":{"@type":"EntryPoint","urlTemplate":"https:\/\/www.flexigard.fr\/de\/?s={search_term_string}"},"query-input":{"@type":"PropertyValueSpecification","valueRequired":true,"valueName":"search_term_string"}}],"inLanguage":"de"},{"@type":"Organization","@id":"https:\/\/www.flexigard.fr\/de\/#organization","name":"Comaplex fabricant de la marque Flexigard\u00ae","url":"https:\/\/www.flexigard.fr\/de\/","logo":{"@type":"ImageObject","inLanguage":"de","@id":"https:\/\/www.flexigard.fr\/de\/#\/schema\/logo\/image\/","url":"https:\/\/www.flexigard.fr\/wp-content\/uploads\/2019\/03\/logo-Comaplex-Ingeplast.jpg","contentUrl":"https:\/\/www.flexigard.fr\/wp-content\/uploads\/2019\/03\/logo-Comaplex-Ingeplast.jpg","width":440,"height":218,"caption":"Comaplex fabricant de la marque Flexigard\u00ae"},"image":{"@id":"https:\/\/www.flexigard.fr\/de\/#\/schema\/logo\/image\/"},"sameAs":["https:\/\/fr.linkedin.com\/company\/comaplex-usinage-plastique"]}]}},"_links":{"self":[{"href":"https:\/\/www.flexigard.fr\/de\/wp-json\/wp\/v2\/pages\/10553","targetHints":{"allow":["GET"]}}],"collection":[{"href":"https:\/\/www.flexigard.fr\/de\/wp-json\/wp\/v2\/pages"}],"about":[{"href":"https:\/\/www.flexigard.fr\/de\/wp-json\/wp\/v2\/types\/page"}],"author":[{"embeddable":true,"href":"https:\/\/www.flexigard.fr\/de\/wp-json\/wp\/v2\/users\/1"}],"replies":[{"embeddable":true,"href":"https:\/\/www.flexigard.fr\/de\/wp-json\/wp\/v2\/comments?post=10553"}],"version-history":[{"count":1,"href":"https:\/\/www.flexigard.fr\/de\/wp-json\/wp\/v2\/pages\/10553\/revisions"}],"predecessor-version":[{"id":10555,"href":"https:\/\/www.flexigard.fr\/de\/wp-json\/wp\/v2\/pages\/10553\/revisions\/10555"}],"wp:attachment":[{"href":"https:\/\/www.flexigard.fr\/de\/wp-json\/wp\/v2\/media?parent=10553"}],"curies":[{"name":"wp","href":"https:\/\/api.w.org\/{rel}","templated":true}]}}