{"id":7067,"date":"2022-09-08T16:21:38","date_gmt":"2022-09-08T14:21:38","guid":{"rendered":"https:\/\/www.flexigard.fr\/einsatzbereiche\/"},"modified":"2026-02-13T17:25:53","modified_gmt":"2026-02-13T16:25:53","slug":"einsatzbereiche","status":"publish","type":"page","link":"https:\/\/www.flexigard.fr\/de\/einsatzbereiche\/","title":{"rendered":"T\u00e4tigkeitsbereiche f\u00fcr Polycarbonatverglasungen"},"content":{"rendered":"<div class=\"wpb-content-wrapper\"><p>[vc_row][vc_column]<div id=\"ultimate-heading-267769f2a7ed08ff5\" class=\"uvc-heading ult-adjust-bottom-margin ultimate-heading-267769f2a7ed08ff5 uvc-391  uvc-heading-default-font-sizes\" data-hspacer=\"line_only\"  data-halign=\"center\" style=\"text-align:center\"><div class=\"uvc-main-heading ult-responsive\"  data-ultimate-target='.uvc-heading.ultimate-heading-267769f2a7ed08ff5 h2'  data-responsive-json-new='{\"font-size\":\"\",\"line-height\":\"\"}' ><h2 style=\"--font-weight:theme;margin-top:30px;margin-bottom:15px;\">Demonstration der FLEXIGARD Schutzscheiben: unzerbrechliche Sicherheitsverglasung, vandalismusgesch\u00fctzt, steinschlagresistent<\/h2><\/div><div class=\"uvc-heading-spacer line_only\" style=\"topheight:2px;\"><span class=\"uvc-headings-line\" style=\"border-style:solid;border-bottom-width:2px;border-color:#ef2224;width:200px;\"><\/span><\/div><\/div>[\/vc_column][\/vc_row][vc_row type=&#8220;vc_default&#8220; css=&#8220;.vc_custom_1553595930569{padding-top: 30px !important;padding-bottom: 70px !important;}&#8220;][vc_column width=&#8220;1\/3&#8243; css=&#8220;.vc_custom_1649856909319{padding-right: 50px !important;padding-left: 50px !important;}&#8220;][vc_video link=&#8220;https:\/\/youtu.be\/av7IgRUl3w0&#8243; el_aspect=&#8220;916&#8243; align=&#8220;center&#8220; css_animation=&#8220;fadeIn&#8220;][\/vc_column][vc_column width=&#8220;2\/3&#8243; css=&#8220;.vc_custom_1649856925657{padding-top: 20px !important;}&#8220;][vc_column_text]<\/p>\n<h4>Praxissituation: die Wirksamkeit unserer ECE R43-homologierten FLEXIGARD Verglasungen<\/h4>\n<p>Wie Sie in diesem Video sehen k\u00f6nnen, sch\u00fctzen die H\u00e4rte und Widerstandsf\u00e4higkeit der FLEXIGARD Polycarbonat-Sicherheitsverglasungen im Gegensatz zu Glas bei Steinschlag, Projektileinschl\u00e4gen oder Vandalismus.<\/p>\n<p>Polycarbonat wird regelm\u00e4\u00dfig als Sicherheitsverglasung verwendet. Es ist extrem robust. Bei gleicher Dicke ist es 250-mal widerstandsf\u00e4higer als Standardglas, was es zur idealen Wahl macht, wenn Sie ein Sicherheits- und Schutzmaterial suchen.  <\/p>\n<p>&nbsp;<\/p>\n<h4>Mit FLEXIGARD\u00ae garantiert COMAPLEX Usinage Plastique hochwertige Verglasungen<\/h4>\n<ul>\n<li>Die Flexigard\u00ae ECE R43 Verglasungen sind in verschiedenen Farb-, Dicken- und Gr\u00f6\u00dfenbereichen erh\u00e4ltlich.<\/li>\n<li>Die optische Qualit\u00e4t der Flexigard\u00ae Verglasungen erm\u00f6glicht die Herstellung von Windschutzscheiben oder anderen homologierten Verglasungen, die anstelle der originalen Glasverglasungen passen.<\/li>\n<\/ul>\n<p>&nbsp;<\/p>\n<h4>Flexigard\u00ae Verglasungen k\u00f6nnen in allen Fahrzeugtypen installiert werden<\/h4>\n<ul>\n<li>Fahrzeuge der Ordnungskr\u00e4fte (Polizei und Gendarmerie)<\/li>\n<li>Sicherheitsfahrzeuge<\/li>\n<li>Alle Kabinen von Landmaschinen (Traktor, B\u00f6schungsm\u00e4her\u2026), Bau-\/Tiefbaumaschinen (Bagger, Grader..), Baumaschinen (Bagger, Minibagger\u2026), Flurf\u00f6rderzeugen (Gabelstapler\u2026), Forstmaschinen und Bergbaumaschinen.<\/li>\n<\/ul>\n<p>[\/vc_column_text][\/vc_column][\/vc_row][vc_row][vc_column]<div id=\"ultimate-heading-902069f2a7ed0905b\" class=\"uvc-heading ult-adjust-bottom-margin ultimate-heading-902069f2a7ed0905b uvc-2999  uvc-heading-default-font-sizes\" data-hspacer=\"no_spacer\"  data-halign=\"center\" style=\"text-align:center\"><div class=\"uvc-heading-spacer no_spacer\" style=\"top\"><\/div><div class=\"uvc-main-heading ult-responsive\"  data-ultimate-target='.uvc-heading.ultimate-heading-902069f2a7ed0905b h2'  data-responsive-json-new='{\"font-size\":\"\",\"line-height\":\"\"}' ><h2 style=\"--font-weight:theme;margin-top:30px;\">Flexigard\u00ae, die Polycarbonat-Schutzverglasungen, geeignet f\u00fcr Fahrzeuge der Ordnungskr\u00e4fte, Landwirtschaftsfahrzeuge, Baumaschinen, Tourismus, Motorsport oder maritime Anwendungen.<\/h2><\/div><\/div>[\/vc_column][\/vc_row][vc_row css=&#8220;.vc_custom_1553595871130{padding-top: 70px !important;}&#8220;][vc_column width=&#8220;1\/3&#8243;]\n<div tabindex=\"0\" id=\"interactive-banner-1-wrap-4751\" class=\"ult-banner-block ult-adjust-bottom-margin ult-bb-box  banner-style11 \"   style=\"\">\n\t<img decoding=\"async\" src=\"https:\/\/www.flexigard.fr\/wp-content\/uploads\/2019\/07\/vitrage-polycarbonate-fourgon-CRS-2.jpg\" alt=\"null\">\n\t<h3  data-ultimate-target='#interactive-banner-1-wrap-4751 .bb-top-title '  data-responsive-json-new='{\"font-size\":\"\",\"line-height\":\"\"}'  class=\"title-center bb-top-title ult-responsive\" style=\"font-weight:normal;background:#242424;color:#ffffff;\">Fahrzeuge der Ordnungskr\u00e4fte<i class=\"fas fa-search-plus\"  style= \"color:#ffffff;\"><\/i><\/h3>\n\t<div class=\"mask opaque-background\" style=\"background:rgba(36,36,36,0.8);\">\n\t\t<div  data-ultimate-target='#interactive-banner-1-wrap-4751 .bb-description'  data-responsive-json-new='{\"font-size\":\"\",\"line-height\":\"\"}'  class=\"bb-description ult-responsive\" style=\"font-weight:normal;color:#ffffff;\">&lt;b&gt;Entdecken Sie Polycarbonatverglasungen f\u00fcr Fahrzeuge der Ordnungskr\u00e4fte&lt;\/b&gt;<\/div>\n\t<\/div><a class=\"bb-link\" href=\"https:\/\/www.flexigard.fr\/secteurs-d-activite\/vitrages-de-securite-polycarbonate-pour-vehicules-des-forces-de-lordre\" title=\"Galerie de pi\u00e8ces plastiques usin\u00e9es\" ><\/a>\n<\/div>[\/vc_column][vc_column width=&#8220;1\/3&#8243;]\n<div tabindex=\"0\" id=\"interactive-banner-1-wrap-7073\" class=\"ult-banner-block ult-adjust-bottom-margin ult-bb-box  banner-style11 \"   style=\"\">\n\t<img decoding=\"async\" src=\"https:\/\/www.flexigard.fr\/wp-content\/uploads\/2019\/09\/vitrage-engins-manutention.jpg\" alt=\"Vitrage polycarbonate pour cabine engin de manutention\">\n\t<h3  data-ultimate-target='#interactive-banner-1-wrap-7073 .bb-top-title '  data-responsive-json-new='{\"font-size\":\"\",\"line-height\":\"\"}'  class=\"title-center bb-top-title ult-responsive\" style=\"font-weight:normal;background:#242424;color:#ffffff;\">Flurf\u00f6rderzeuge<i class=\"fas fa-search-plus\"  style= \"color:#ffffff;\"><\/i><\/h3>\n\t<div class=\"mask opaque-background\" style=\"background:rgba(36,36,36,0.8);\">\n\t\t<div  data-ultimate-target='#interactive-banner-1-wrap-7073 .bb-description'  data-responsive-json-new='{\"font-size\":\"\",\"line-height\":\"\"}'  class=\"bb-description ult-responsive\" style=\"font-weight:normal;color:#ffffff;\">&lt;b&gt;Entdecken Sie unsere Schutzverglasungen f\u00fcr Kabinen von Flurf\u00f6rderzeugen&lt;\/b&gt;<\/div>\n\t<\/div><a class=\"bb-link\" href=\"https:\/\/www.flexigard.fr\/secteurs-d-activite\/vitrage-de-securite-en-polycarbonate-pour-engins-de-manutention\/\" title=\"Galerie de pi\u00e8ces plastiques pour v\u00e9hicules\" ><\/a>\n<\/div>[\/vc_column][vc_column width=&#8220;1\/3&#8243;]\n<div tabindex=\"0\" id=\"interactive-banner-1-wrap-6548\" class=\"ult-banner-block ult-adjust-bottom-margin ult-bb-box  banner-style11 \"   style=\"\">\n\t<img decoding=\"async\" src=\"https:\/\/www.flexigard.fr\/wp-content\/uploads\/2019\/09\/vitrage-polycarbonate-vehicule-agricole.jpg\" alt=\"null\">\n\t<h3  data-ultimate-target='#interactive-banner-1-wrap-6548 .bb-top-title '  data-responsive-json-new='{\"font-size\":\"\",\"line-height\":\"\"}'  class=\"title-center bb-top-title ult-responsive\" style=\"font-weight:normal;background:#242424;color:#ffffff;\">Land-, Forst-, Bau-Fahrzeuge, ...<i class=\"fas fa-search-plus\"  style= \"color:#ffffff;\"><\/i><\/h3>\n\t<div class=\"mask opaque-background\" style=\"background:rgba(36,36,36,0.8);\">\n\t\t<div  data-ultimate-target='#interactive-banner-1-wrap-6548 .bb-description'  data-responsive-json-new='{\"font-size\":\"\",\"line-height\":\"\"}'  class=\"bb-description ult-responsive\" style=\"font-weight:normal;color:#ffffff;\">&lt;b&gt;Entdecken Sie unsere Polycarbonatverglasungen f\u00fcr Land-, Forst-, Bau-, Motorsport-, Tourismus- oder maritime Fahrzeuge&lt;\/b&gt;<\/div>\n\t<\/div><a class=\"bb-link\" href=\"https:\/\/www.flexigard.fr\/secteurs-d-activite\/vitrages-de-securite-en-polycarbonate-pour-tout-type-de-vehicules\/\" title=\"Galerie de composants sur mesure thermoplastiques\" ><\/a>\n<\/div>[\/vc_column][\/vc_row][vc_row][vc_column]<div id=\"ultimate-heading-45969f2a7ed09baa\" class=\"uvc-heading ult-adjust-bottom-margin ultimate-heading-45969f2a7ed09baa uvc-5353  uvc-heading-default-font-sizes\" data-hspacer=\"line_only\"  data-halign=\"center\" style=\"text-align:center\"><div class=\"uvc-main-heading ult-responsive\"  data-ultimate-target='.uvc-heading.ultimate-heading-45969f2a7ed09baa h2'  data-responsive-json-new='{\"font-size\":\"\",\"line-height\":\"\"}' ><h2 style=\"--font-weight:theme;margin-top:30px;margin-bottom:15px;\">Galerie der Flexigard\u00ae Sicherheitsverglasungen<\/h2><\/div><div class=\"uvc-heading-spacer line_only\" style=\"topheight:2px;\"><span class=\"uvc-headings-line\" style=\"border-style:solid;border-bottom-width:2px;border-color:#ef2224;width:200px;\"><\/span><\/div><\/div>[\/vc_column][\/vc_row][vc_row type=&#8220;vc_default&#8220; css=&#8220;.vc_custom_1553595930569{padding-top: 30px !important;padding-bottom: 70px !important;}&#8220;][vc_column]<style type=\"text\/css\" data-type=\"the7_shortcodes-inline-css\">.gallery-shortcode.gallery-photos-masonry-shortcode-id-1c1375c67c9ae0c11483be50b4c29ff0 figure,\n.gallery-shortcode.gallery-photos-masonry-shortcode-id-1c1375c67c9ae0c11483be50b4c29ff0 .rollover,\n.gallery-shortcode.gallery-photos-masonry-shortcode-id-1c1375c67c9ae0c11483be50b4c29ff0 img,\n.gallery-shortcode.gallery-photos-masonry-shortcode-id-1c1375c67c9ae0c11483be50b4c29ff0 .gallery-rollover {\n  border-radius: 0px;\n}\n.gallery-shortcode.gallery-photos-masonry-shortcode-id-1c1375c67c9ae0c11483be50b4c29ff0.enable-bg-rollover .gallery-rollover {\n  background: -webkit-linear-gradient();\n  background: linear-gradient();\n}\n.gallery-shortcode.gallery-photos-masonry-shortcode-id-1c1375c67c9ae0c11483be50b4c29ff0.enable-bg-rollover.hover-scale .rollover:after {\n  background: -webkit-linear-gradient();\n  background: linear-gradient();\n}\n.gallery-shortcode.gallery-photos-masonry-shortcode-id-1c1375c67c9ae0c11483be50b4c29ff0 .gallery-zoom-ico {\n  width: 44px;\n  height: 44px;\n  line-height: 44px;\n  border-radius: 100px;\n  margin: -22px 0 0 -22px;\n  border-width: 0px;\n}\n.dt-icon-bg-on.gallery-shortcode.gallery-photos-masonry-shortcode-id-1c1375c67c9ae0c11483be50b4c29ff0 .gallery-zoom-ico {\n  background: rgba(255,255,255,0.3);\n  -webkit-box-shadow: none;\n  box-shadow: none;\n}\n.gallery-shortcode.gallery-photos-masonry-shortcode-id-1c1375c67c9ae0c11483be50b4c29ff0 .gallery-zoom-ico:before,\n.gallery-shortcode.gallery-photos-masonry-shortcode-id-1c1375c67c9ae0c11483be50b4c29ff0 .gallery-zoom-ico span {\n  font-size: 32px;\n  line-height: 44px;\n  color: #ffffff;\n}\n.gallery-shortcode.gallery-photos-masonry-shortcode-id-1c1375c67c9ae0c11483be50b4c29ff0:not(.resize-by-browser-width) .dt-css-grid {\n  grid-row-gap: 20px;\n  grid-column-gap: 20px;\n  grid-template-columns: repeat(auto-fill,minmax(,1fr));\n}\n.gallery-shortcode.gallery-photos-masonry-shortcode-id-1c1375c67c9ae0c11483be50b4c29ff0:not(.resize-by-browser-width) .dt-css-grid .double-width {\n  grid-column: span 2;\n}\n.cssgridlegacy.no-cssgrid .gallery-shortcode.gallery-photos-masonry-shortcode-id-1c1375c67c9ae0c11483be50b4c29ff0:not(.resize-by-browser-width) .dt-css-grid,\n.no-cssgridlegacy.no-cssgrid .gallery-shortcode.gallery-photos-masonry-shortcode-id-1c1375c67c9ae0c11483be50b4c29ff0:not(.resize-by-browser-width) .dt-css-grid {\n  display: flex;\n  flex-flow: row wrap;\n  margin: -10px;\n}\n.cssgridlegacy.no-cssgrid .gallery-shortcode.gallery-photos-masonry-shortcode-id-1c1375c67c9ae0c11483be50b4c29ff0:not(.resize-by-browser-width) .dt-css-grid .wf-cell,\n.no-cssgridlegacy.no-cssgrid .gallery-shortcode.gallery-photos-masonry-shortcode-id-1c1375c67c9ae0c11483be50b4c29ff0:not(.resize-by-browser-width) .dt-css-grid .wf-cell {\n  flex: 1 0 ;\n  max-width: 100%;\n  padding: 10px;\n  box-sizing: border-box;\n}\n.gallery-shortcode.gallery-photos-masonry-shortcode-id-1c1375c67c9ae0c11483be50b4c29ff0.resize-by-browser-width .dt-css-grid {\n  grid-template-columns: repeat(6,1fr);\n  grid-template-rows: auto;\n  grid-column-gap: 20px;\n  grid-row-gap: 20px;\n}\n.gallery-shortcode.gallery-photos-masonry-shortcode-id-1c1375c67c9ae0c11483be50b4c29ff0.resize-by-browser-width .dt-css-grid .double-width {\n  grid-column: span 2;\n}\n.cssgridlegacy.no-cssgrid .gallery-shortcode.gallery-photos-masonry-shortcode-id-1c1375c67c9ae0c11483be50b4c29ff0.resize-by-browser-width .dt-css-grid {\n  margin: -10px;\n}\n.cssgridlegacy.no-cssgrid .gallery-shortcode.gallery-photos-masonry-shortcode-id-1c1375c67c9ae0c11483be50b4c29ff0.resize-by-browser-width .dt-css-grid .wf-cell {\n  width: 16.666666666667%;\n  padding: 10px;\n}\n.cssgridlegacy.no-cssgrid .gallery-shortcode.gallery-photos-masonry-shortcode-id-1c1375c67c9ae0c11483be50b4c29ff0.resize-by-browser-width .dt-css-grid .wf-cell.double-width {\n  width: calc(16.666666666667%) * 2;\n}\n.gallery-shortcode.gallery-photos-masonry-shortcode-id-1c1375c67c9ae0c11483be50b4c29ff0.resize-by-browser-width:not(.centered-layout-list):not(.content-bg-on) .dt-css-grid {\n  grid-row-gap: 20px - ;\n}\n@media screen and (max-width: 1199px) {\n  .gallery-shortcode.gallery-photos-masonry-shortcode-id-1c1375c67c9ae0c11483be50b4c29ff0.resize-by-browser-width .dt-css-grid {\n    grid-template-columns: repeat(4,1fr);\n  }\n  .cssgridlegacy.no-cssgrid .gallery-shortcode.gallery-photos-masonry-shortcode-id-1c1375c67c9ae0c11483be50b4c29ff0.resize-by-browser-width .dt-css-grid .wf-cell,\n  .no-cssgridlegacy.no-cssgrid .gallery-shortcode.gallery-photos-masonry-shortcode-id-1c1375c67c9ae0c11483be50b4c29ff0.resize-by-browser-width .dt-css-grid .wf-cell {\n    width: 25%;\n  }\n  .cssgridlegacy.no-cssgrid .gallery-shortcode.gallery-photos-masonry-shortcode-id-1c1375c67c9ae0c11483be50b4c29ff0.resize-by-browser-width .dt-css-grid .wf-cell.double-width,\n  .no-cssgridlegacy.no-cssgrid .gallery-shortcode.gallery-photos-masonry-shortcode-id-1c1375c67c9ae0c11483be50b4c29ff0.resize-by-browser-width .dt-css-grid .wf-cell.double-width {\n    width: calc(25%)*2;\n  }\n}\n@media screen and (max-width: 991px) {\n  .gallery-shortcode.gallery-photos-masonry-shortcode-id-1c1375c67c9ae0c11483be50b4c29ff0.resize-by-browser-width .dt-css-grid {\n    grid-template-columns: repeat(3,1fr);\n  }\n  .cssgridlegacy.no-cssgrid .gallery-shortcode.gallery-photos-masonry-shortcode-id-1c1375c67c9ae0c11483be50b4c29ff0.resize-by-browser-width .dt-css-grid .wf-cell,\n  .no-cssgridlegacy.no-cssgrid .gallery-shortcode.gallery-photos-masonry-shortcode-id-1c1375c67c9ae0c11483be50b4c29ff0.resize-by-browser-width .dt-css-grid .wf-cell {\n    width: 33.333333333333%;\n  }\n  .cssgridlegacy.no-cssgrid .gallery-shortcode.gallery-photos-masonry-shortcode-id-1c1375c67c9ae0c11483be50b4c29ff0.resize-by-browser-width .dt-css-grid .wf-cell.double-width,\n  .no-cssgridlegacy.no-cssgrid .gallery-shortcode.gallery-photos-masonry-shortcode-id-1c1375c67c9ae0c11483be50b4c29ff0.resize-by-browser-width .dt-css-grid .wf-cell.double-width {\n    width: calc(33.333333333333%)*2;\n  }\n}\n@media screen and (max-width: 767px) {\n  .gallery-shortcode.gallery-photos-masonry-shortcode-id-1c1375c67c9ae0c11483be50b4c29ff0.resize-by-browser-width .dt-css-grid {\n    grid-template-columns: repeat(1,1fr);\n  }\n  .cssgridlegacy.no-cssgrid .gallery-shortcode.gallery-photos-masonry-shortcode-id-1c1375c67c9ae0c11483be50b4c29ff0.resize-by-browser-width .dt-css-grid .wf-cell,\n  .no-cssgridlegacy.no-cssgrid .gallery-shortcode.gallery-photos-masonry-shortcode-id-1c1375c67c9ae0c11483be50b4c29ff0.resize-by-browser-width .dt-css-grid .wf-cell {\n    width: 100%;\n  }\n  .cssgridlegacy.no-cssgrid .gallery-shortcode.gallery-photos-masonry-shortcode-id-1c1375c67c9ae0c11483be50b4c29ff0.resize-by-browser-width .dt-css-grid .wf-cell.double-width,\n  .no-cssgridlegacy.no-cssgrid .gallery-shortcode.gallery-photos-masonry-shortcode-id-1c1375c67c9ae0c11483be50b4c29ff0.resize-by-browser-width .dt-css-grid .wf-cell.double-width {\n    width: calc(100%)*2;\n  }\n}<\/style><div class=\"gallery-shortcode album-gallery-shortcode dt-gallery-container gallery-photos-masonry-shortcode-id-1c1375c67c9ae0c11483be50b4c29ff0 mode-masonry jquery-filter dt-icon-bg-off quick-scale-img resize-by-browser-width  hover-fade loading-effect-scale description-on-hover\" data-padding=\"10px\" data-cur-page=\"1\" data-post-limit=\"15\" data-pagination-mode=\"load-more\" data-desktop-columns-num=\"6\" data-v-tablet-columns-num=\"3\" data-h-tablet-columns-num=\"4\" data-phone-columns-num=\"1\" data-width=\"0px\" data-columns=\"0\"><div class=\"iso-container\" ><div class=\"visible wf-cell iso-item\" data-post-id=\"7476\" data-date=\"2021-12-21T07:44:57+01:00\" data-name=\"ECE R43 Flexigard mit Aluminiumfenster\"><article class=\"post visible post-7476 attachment type-attachment status-inherit hentry no-img\"><a href=\"https:\/\/www.flexigard.fr\/wp-content\/uploads\/2016\/01\/baie-aluminium-flexigard.png\" class=\"rollover-click-target rollover dt-pswp-item layzr-bg\" title=\"ECE R43 Flexigard mit Aluminiumfenster\" data-dt-img-description=\"ECE R43 Flexigard-Verglasung aus Polycarbonat mit Aluminiumrahmen\"  data-large_image_width=\"579\" data-large_image_height = \"375\"  data-dt-location=\"https:\/\/www.flexigard.fr\/de\/dt_gallery\/galerie-flexigard\/baie-aluminium-flexigard-2-2\/\" ><img fetchpriority=\"high\" decoding=\"async\" class=\"preload-me iso-lazy-load aspect\" src=\"data:image\/svg+xml,%3Csvg%20xmlns%3D&#39;http%3A%2F%2Fwww.w3.org%2F2000%2Fsvg&#39;%20viewBox%3D&#39;0%200%20579%20375&#39;%2F%3E\" data-src=\"https:\/\/www.flexigard.fr\/wp-content\/uploads\/2016\/01\/baie-aluminium-flexigard.png\" data-srcset=\"https:\/\/www.flexigard.fr\/wp-content\/uploads\/2016\/01\/baie-aluminium-flexigard.png 579w\" loading=\"eager\" style=\"--ratio: 579 \/ 375\" sizes=\"(max-width: 579px) 100vw, 579px\" alt=\"\" width=\"579\" height=\"375\"  \/><span class=\"gallery-rollover\"><span class=\"gallery-zoom-ico icomoon-the7-font-the7-zoom-06\"><span><\/span><\/span><\/span><\/a><\/article><\/div><div class=\"visible wf-cell iso-item\" data-post-id=\"7314\" data-date=\"2019-08-08T13:01:57+02:00\" data-name=\"Flexigard-Polycarbonat-Sicherheitsverglasung-Scheinwerferschutz\"><article class=\"post visible post-7314 attachment type-attachment status-inherit hentry no-img\"><a href=\"https:\/\/www.flexigard.fr\/wp-content\/uploads\/2016\/01\/Vitrage-de-feu-de-car-de-CRS-Flexigard.jpg\" class=\"rollover-click-target rollover dt-pswp-item layzr-bg\" title=\"Flexigard-Polycarbonat-Sicherheitsverglasung-Scheinwerferschutz\" data-dt-img-description=\"\"  data-large_image_width=\"1041\" data-large_image_height = \"1388\"  data-dt-location=\"https:\/\/www.flexigard.fr\/de\/dt_gallery\/galerie-flexigard\/vitrage-de-feu-de-car-de-crs-flexigard-2-3\/\" ><img decoding=\"async\" class=\"preload-me iso-lazy-load aspect\" src=\"data:image\/svg+xml,%3Csvg%20xmlns%3D&#39;http%3A%2F%2Fwww.w3.org%2F2000%2Fsvg&#39;%20viewBox%3D&#39;0%200%20768%201024&#39;%2F%3E\" data-src=\"https:\/\/www.flexigard.fr\/wp-content\/uploads\/2016\/01\/Vitrage-de-feu-de-car-de-CRS-Flexigard-768x1024.jpg\" data-srcset=\"https:\/\/www.flexigard.fr\/wp-content\/uploads\/2016\/01\/Vitrage-de-feu-de-car-de-CRS-Flexigard-768x1024.jpg 768w, https:\/\/www.flexigard.fr\/wp-content\/uploads\/2016\/01\/Vitrage-de-feu-de-car-de-CRS-Flexigard.jpg 1041w\" loading=\"eager\" style=\"--ratio: 768 \/ 1024\" sizes=\"(max-width: 768px) 100vw, 768px\" alt=\"\" width=\"768\" height=\"1024\"  \/><span class=\"gallery-rollover\"><span class=\"gallery-zoom-ico icomoon-the7-font-the7-zoom-06\"><span><\/span><\/span><\/span><\/a><\/article><\/div><div class=\"visible wf-cell iso-item\" data-post-id=\"6730\" data-date=\"2019-06-14T16:55:54+02:00\" data-name=\"Flexigard Sicherheitsm\u00fcnze aus Polycarbonat\"><article class=\"post visible post-6730 attachment type-attachment status-inherit hentry no-img\"><a href=\"https:\/\/www.flexigard.fr\/wp-content\/uploads\/2019\/03\/vehicule-1.jpg\" class=\"rollover-click-target rollover dt-pswp-item layzr-bg\" title=\"Flexigard Sicherheitsm\u00fcnze aus Polycarbonat\" data-dt-img-description=\"\"  data-large_image_width=\"4032\" data-large_image_height = \"3024\"  data-dt-location=\"https:\/\/www.flexigard.fr\/de\/vehicule-1-2\/\" ><img decoding=\"async\" class=\"preload-me iso-lazy-load aspect\" src=\"data:image\/svg+xml,%3Csvg%20xmlns%3D&#39;http%3A%2F%2Fwww.w3.org%2F2000%2Fsvg&#39;%20viewBox%3D&#39;0%200%20768%20576&#39;%2F%3E\" data-src=\"https:\/\/www.flexigard.fr\/wp-content\/uploads\/2019\/03\/vehicule-1-768x576.jpg\" data-srcset=\"https:\/\/www.flexigard.fr\/wp-content\/uploads\/2019\/03\/vehicule-1-768x576.jpg 768w, https:\/\/www.flexigard.fr\/wp-content\/uploads\/2019\/03\/vehicule-1-1152x864.jpg 1152w\" loading=\"eager\" style=\"--ratio: 768 \/ 576\" sizes=\"(max-width: 768px) 100vw, 768px\" alt=\"\" width=\"768\" height=\"576\"  \/><span class=\"gallery-rollover\"><span class=\"gallery-zoom-ico icomoon-the7-font-the7-zoom-06\"><span><\/span><\/span><\/span><\/a><\/article><\/div><div class=\"visible wf-cell iso-item\" data-post-id=\"7350\" data-date=\"2019-09-02T23:12:23+02:00\" data-name=\"Sicherheitsverglasung aus Polycarbonat Flexigard-Kastenwagen-CRS\"><article class=\"post visible post-7350 attachment type-attachment status-inherit hentry no-img\"><a href=\"https:\/\/www.flexigard.fr\/wp-content\/uploads\/2019\/03\/vitrage-polycarbonate-flexigard1-Fourgon-CRS.jpg\" class=\"rollover-click-target rollover dt-pswp-item layzr-bg\" title=\"Sicherheitsverglasung aus Polycarbonat Flexigard-Kastenwagen-CRS\" data-dt-img-description=\"\"  data-large_image_width=\"1000\" data-large_image_height = \"688\"  data-dt-location=\"https:\/\/www.flexigard.fr\/de\/dt_gallery\/polizeifahrzeuge\/vitrage-polycarbonate-flexigard1-fourgon-crs-2\/\" ><img decoding=\"async\" class=\"preload-me iso-lazy-load aspect\" src=\"data:image\/svg+xml,%3Csvg%20xmlns%3D&#39;http%3A%2F%2Fwww.w3.org%2F2000%2Fsvg&#39;%20viewBox%3D&#39;0%200%20768%20528&#39;%2F%3E\" data-src=\"https:\/\/www.flexigard.fr\/wp-content\/uploads\/2019\/03\/vitrage-polycarbonate-flexigard1-Fourgon-CRS-768x528.jpg\" data-srcset=\"https:\/\/www.flexigard.fr\/wp-content\/uploads\/2019\/03\/vitrage-polycarbonate-flexigard1-Fourgon-CRS-768x528.jpg 768w, https:\/\/www.flexigard.fr\/wp-content\/uploads\/2019\/03\/vitrage-polycarbonate-flexigard1-Fourgon-CRS.jpg 1000w\" loading=\"eager\" style=\"--ratio: 768 \/ 528\" sizes=\"(max-width: 768px) 100vw, 768px\" alt=\"\" width=\"768\" height=\"528\"  \/><span class=\"gallery-rollover\"><span class=\"gallery-zoom-ico icomoon-the7-font-the7-zoom-06\"><span><\/span><\/span><\/span><\/a><\/article><\/div><div class=\"visible wf-cell iso-item\" data-post-id=\"7344\" data-date=\"2019-09-02T15:47:37+02:00\" data-name=\"Schutzscheibe-Polycarbonat-ECE R43-Engin TP\"><article class=\"post visible post-7344 attachment type-attachment status-inherit hentry no-img\"><a href=\"https:\/\/www.flexigard.fr\/wp-content\/uploads\/2019\/03\/vitrage-polycarbonate-engin-tp3-1.jpg\" class=\"rollover-click-target rollover dt-pswp-item layzr-bg\" title=\"Schutzscheibe-Polycarbonat-ECE R43-Engin TP\" data-dt-img-description=\"Unzerbrechliche Schutzscheibe aus Polycarbonat ECE R43 f\u00fcr alle Baumaschinen\"  data-large_image_width=\"800\" data-large_image_height = \"600\"  data-dt-location=\"https:\/\/www.flexigard.fr\/de\/dt_gallery\/galerie-autres-fahrzeugtypen\/vitrage-polycarbonate-engin-tp3-2-2\/\" ><img decoding=\"async\" class=\"preload-me iso-lazy-load aspect\" src=\"data:image\/svg+xml,%3Csvg%20xmlns%3D&#39;http%3A%2F%2Fwww.w3.org%2F2000%2Fsvg&#39;%20viewBox%3D&#39;0%200%20768%20576&#39;%2F%3E\" data-src=\"https:\/\/www.flexigard.fr\/wp-content\/uploads\/2019\/03\/vitrage-polycarbonate-engin-tp3-1-768x576.jpg\" data-srcset=\"https:\/\/www.flexigard.fr\/wp-content\/uploads\/2019\/03\/vitrage-polycarbonate-engin-tp3-1-768x576.jpg 768w, https:\/\/www.flexigard.fr\/wp-content\/uploads\/2019\/03\/vitrage-polycarbonate-engin-tp3-1.jpg 800w\" loading=\"eager\" style=\"--ratio: 768 \/ 576\" sizes=\"(max-width: 768px) 100vw, 768px\" alt=\"\" width=\"768\" height=\"576\"  \/><span class=\"gallery-rollover\"><span class=\"gallery-zoom-ico icomoon-the7-font-the7-zoom-06\"><span><\/span><\/span><\/span><\/a><\/article><\/div><div class=\"visible wf-cell iso-item\" data-post-id=\"6526\" data-date=\"2019-03-26T13:07:51+01:00\" data-name=\"Flexigard-Sicherheitsverglasung aus Polycarbonat\"><article class=\"post visible post-6526 attachment type-attachment status-inherit hentry no-img\"><a href=\"https:\/\/www.flexigard.fr\/wp-content\/uploads\/2019\/03\/capot-plastique-chaudronne-1.jpg\" class=\"rollover-click-target rollover dt-pswp-item layzr-bg\" title=\"Flexigard-Sicherheitsverglasung aus Polycarbonat\" data-dt-img-description=\"\"  data-large_image_width=\"800\" data-large_image_height = \"610\"  data-dt-location=\"https:\/\/www.flexigard.fr\/de\/capot-plastique-chaudronne-2-2\/\" ><img decoding=\"async\" class=\"preload-me iso-lazy-load aspect\" src=\"data:image\/svg+xml,%3Csvg%20xmlns%3D&#39;http%3A%2F%2Fwww.w3.org%2F2000%2Fsvg&#39;%20viewBox%3D&#39;0%200%20768%20586&#39;%2F%3E\" data-src=\"https:\/\/www.flexigard.fr\/wp-content\/uploads\/2019\/03\/capot-plastique-chaudronne-1-768x586.jpg\" data-srcset=\"https:\/\/www.flexigard.fr\/wp-content\/uploads\/2019\/03\/capot-plastique-chaudronne-1-768x586.jpg 768w, https:\/\/www.flexigard.fr\/wp-content\/uploads\/2019\/03\/capot-plastique-chaudronne-1.jpg 799w\" loading=\"eager\" style=\"--ratio: 768 \/ 586\" sizes=\"(max-width: 768px) 100vw, 768px\" alt=\"\" width=\"768\" height=\"586\"  \/><span class=\"gallery-rollover\"><span class=\"gallery-zoom-ico icomoon-the7-font-the7-zoom-06\"><span><\/span><\/span><\/span><\/a><\/article><\/div><div class=\"visible wf-cell iso-item\" data-post-id=\"6937\" data-date=\"2019-08-07T19:22:03+02:00\" data-name=\"Seitenscheiben-Sicherheitsglas-Polycarbonat-Flexigard-Bus\"><article class=\"post visible post-6937 attachment type-attachment status-inherit hentry no-img\"><a href=\"https:\/\/www.flexigard.fr\/wp-content\/uploads\/2019\/08\/Bus-du-PSG-Vitrages-polycarbonates-Flexigard.jpg\" class=\"rollover-click-target rollover dt-pswp-item layzr-bg\" title=\"Seitenscheiben-Sicherheitsglas-Polycarbonat-Flexigard-Bus\" data-dt-img-description=\"ECE R43-gepr\u00fcfte Flexigard-Seitenschutzscheiben f\u00fcr Busse\"  data-large_image_width=\"1024\" data-large_image_height = \"768\"  data-dt-location=\"https:\/\/www.flexigard.fr\/de\/bus-du-psg-vitrages-polycarbonates-flexigard-3\/\" ><img decoding=\"async\" class=\"preload-me iso-lazy-load aspect\" src=\"data:image\/svg+xml,%3Csvg%20xmlns%3D&#39;http%3A%2F%2Fwww.w3.org%2F2000%2Fsvg&#39;%20viewBox%3D&#39;0%200%20768%20576&#39;%2F%3E\" data-src=\"https:\/\/www.flexigard.fr\/wp-content\/uploads\/2019\/08\/Bus-du-PSG-Vitrages-polycarbonates-Flexigard-768x576.jpg\" data-srcset=\"https:\/\/www.flexigard.fr\/wp-content\/uploads\/2019\/08\/Bus-du-PSG-Vitrages-polycarbonates-Flexigard-768x576.jpg 768w, https:\/\/www.flexigard.fr\/wp-content\/uploads\/2019\/08\/Bus-du-PSG-Vitrages-polycarbonates-Flexigard.jpg 1024w\" loading=\"eager\" style=\"--ratio: 768 \/ 576\" sizes=\"(max-width: 768px) 100vw, 768px\" alt=\"\" width=\"768\" height=\"576\"  \/><span class=\"gallery-rollover\"><span class=\"gallery-zoom-ico icomoon-the7-font-the7-zoom-06\"><span><\/span><\/span><\/span><\/a><\/article><\/div><div class=\"visible wf-cell iso-item\" data-post-id=\"6724\" data-date=\"2019-06-14T16:54:08+02:00\" data-name=\"Schutzscheibe-Polycarbonat-ECE R43-Wohnwagen\"><article class=\"post visible post-6724 attachment type-attachment status-inherit hentry no-img\"><a href=\"https:\/\/www.flexigard.fr\/wp-content\/uploads\/2019\/03\/vitrage-polycarbonate-2.jpg\" class=\"rollover-click-target rollover dt-pswp-item layzr-bg\" title=\"Schutzscheibe-Polycarbonat-ECE R43-Wohnwagen\" data-dt-img-description=\"Unzerbrechliche Polycarbonatscheibe mit ECE R43-Zulassung f\u00fcr Wohnwagen\"  data-large_image_width=\"4032\" data-large_image_height = \"3024\"  data-dt-location=\"https:\/\/www.flexigard.fr\/de\/vitrage-polycarbonate-2-2\/\" ><img decoding=\"async\" class=\"preload-me iso-lazy-load aspect\" src=\"data:image\/svg+xml,%3Csvg%20xmlns%3D&#39;http%3A%2F%2Fwww.w3.org%2F2000%2Fsvg&#39;%20viewBox%3D&#39;0%200%20768%20576&#39;%2F%3E\" data-src=\"https:\/\/www.flexigard.fr\/wp-content\/uploads\/2019\/03\/vitrage-polycarbonate-2-768x576.jpg\" data-srcset=\"https:\/\/www.flexigard.fr\/wp-content\/uploads\/2019\/03\/vitrage-polycarbonate-2-768x576.jpg 768w, https:\/\/www.flexigard.fr\/wp-content\/uploads\/2019\/03\/vitrage-polycarbonate-2-1152x864.jpg 1152w\" loading=\"eager\" style=\"--ratio: 768 \/ 576\" sizes=\"(max-width: 768px) 100vw, 768px\" alt=\"\" width=\"768\" height=\"576\"  \/><span class=\"gallery-rollover\"><span class=\"gallery-zoom-ico icomoon-the7-font-the7-zoom-06\"><span><\/span><\/span><\/span><\/a><\/article><\/div><div class=\"visible wf-cell iso-item\" data-post-id=\"7335\" data-date=\"2019-09-02T15:43:05+02:00\" data-name=\"Sicherheitsverglasung-Polycarbonat-ECE R43-Engin TP\"><article class=\"post visible post-7335 attachment type-attachment status-inherit hentry no-img\"><a href=\"https:\/\/www.flexigard.fr\/wp-content\/uploads\/2019\/03\/vitrage-polycarbonate-engin-tp-1.jpg\" class=\"rollover-click-target rollover dt-pswp-item layzr-bg\" title=\"Sicherheitsverglasung-Polycarbonat-ECE R43-Engin TP\" data-dt-img-description=\"Unzerbrechliche Polycarbonat-Schutzverglasung ECE R43 f\u00fcr die Kabine jeder Baumaschine\"  data-large_image_width=\"790\" data-large_image_height = \"590\"  data-dt-location=\"https:\/\/www.flexigard.fr\/de\/dt_gallery\/verglasungen-fuer-flurfoerderzeuge\/vitrage-polycarbonate-engin-tp-2-2\/\" ><img decoding=\"async\" class=\"preload-me iso-lazy-load aspect\" src=\"data:image\/svg+xml,%3Csvg%20xmlns%3D&#39;http%3A%2F%2Fwww.w3.org%2F2000%2Fsvg&#39;%20viewBox%3D&#39;0%200%20768%20574&#39;%2F%3E\" data-src=\"https:\/\/www.flexigard.fr\/wp-content\/uploads\/2019\/03\/vitrage-polycarbonate-engin-tp-1-768x574.jpg\" data-srcset=\"https:\/\/www.flexigard.fr\/wp-content\/uploads\/2019\/03\/vitrage-polycarbonate-engin-tp-1-768x574.jpg 768w, https:\/\/www.flexigard.fr\/wp-content\/uploads\/2019\/03\/vitrage-polycarbonate-engin-tp-1.jpg 789w\" loading=\"eager\" style=\"--ratio: 768 \/ 574\" sizes=\"(max-width: 768px) 100vw, 768px\" alt=\"\" width=\"768\" height=\"574\"  \/><span class=\"gallery-rollover\"><span class=\"gallery-zoom-ico icomoon-the7-font-the7-zoom-06\"><span><\/span><\/span><\/span><\/a><\/article><\/div><div class=\"visible wf-cell iso-item\" data-post-id=\"7353\" data-date=\"2019-09-02T23:12:33+02:00\" data-name=\"Polycarbonat-Sicherheitsverglasung Flexigard-Gef\u00e4ngnisverwaltung\"><article class=\"post visible post-7353 attachment type-attachment status-inherit hentry no-img\"><a href=\"https:\/\/www.flexigard.fr\/wp-content\/uploads\/2019\/03\/vitrage-polycarbonate-flexigard2-Utilitaire.jpg\" class=\"rollover-click-target rollover dt-pswp-item layzr-bg\" title=\"Polycarbonat-Sicherheitsverglasung Flexigard-Gef\u00e4ngnisverwaltung\" data-dt-img-description=\"\"  data-large_image_width=\"1600\" data-large_image_height = \"1200\"  data-dt-location=\"https:\/\/www.flexigard.fr\/de\/dt_gallery\/polizeifahrzeuge\/vitrage-polycarbonate-flexigard2-utilitaire-2\/\" ><img decoding=\"async\" class=\"preload-me iso-lazy-load aspect\" src=\"data:image\/svg+xml,%3Csvg%20xmlns%3D&#39;http%3A%2F%2Fwww.w3.org%2F2000%2Fsvg&#39;%20viewBox%3D&#39;0%200%20768%20576&#39;%2F%3E\" data-src=\"https:\/\/www.flexigard.fr\/wp-content\/uploads\/2019\/03\/vitrage-polycarbonate-flexigard2-Utilitaire-768x576.jpg\" data-srcset=\"https:\/\/www.flexigard.fr\/wp-content\/uploads\/2019\/03\/vitrage-polycarbonate-flexigard2-Utilitaire-768x576.jpg 768w, https:\/\/www.flexigard.fr\/wp-content\/uploads\/2019\/03\/vitrage-polycarbonate-flexigard2-Utilitaire-1152x864.jpg 1152w\" loading=\"eager\" style=\"--ratio: 768 \/ 576\" sizes=\"(max-width: 768px) 100vw, 768px\" alt=\"\" width=\"768\" height=\"576\"  \/><span class=\"gallery-rollover\"><span class=\"gallery-zoom-ico icomoon-the7-font-the7-zoom-06\"><span><\/span><\/span><\/span><\/a><\/article><\/div><div class=\"visible wf-cell iso-item\" data-post-id=\"7341\" data-date=\"2019-09-02T15:43:08+02:00\" data-name=\"ECE-Schutzverglasung R43-Polycarbonat-Baustelleneinfahrt\"><article class=\"post visible post-7341 attachment type-attachment status-inherit hentry no-img\"><a href=\"https:\/\/www.flexigard.fr\/wp-content\/uploads\/2019\/03\/vitrage-polycarbonate-engin-tp2-1-1.jpg\" class=\"rollover-click-target rollover dt-pswp-item layzr-bg\" title=\"ECE-Schutzverglasung R43-Polycarbonat-Baustelleneinfahrt\" data-dt-img-description=\"Unzerbrechliche Polycarbonat-Schutzverglasung mit ECE R43-Zulassung f\u00fcr die Kabine jeder Baumaschine\"  data-large_image_width=\"458\" data-large_image_height = \"346\"  data-dt-location=\"https:\/\/www.flexigard.fr\/de\/dt_gallery\/verglasungen-fuer-flurfoerderzeuge\/vitrage-polycarbonate-engin-tp2-1-2\/\" ><img decoding=\"async\" class=\"preload-me iso-lazy-load aspect\" src=\"data:image\/svg+xml,%3Csvg%20xmlns%3D&#39;http%3A%2F%2Fwww.w3.org%2F2000%2Fsvg&#39;%20viewBox%3D&#39;0%200%20458%20346&#39;%2F%3E\" data-src=\"https:\/\/www.flexigard.fr\/wp-content\/uploads\/2019\/03\/vitrage-polycarbonate-engin-tp2-1-1.jpg\" data-srcset=\"https:\/\/www.flexigard.fr\/wp-content\/uploads\/2019\/03\/vitrage-polycarbonate-engin-tp2-1-1.jpg 458w\" loading=\"eager\" style=\"--ratio: 458 \/ 346\" sizes=\"(max-width: 458px) 100vw, 458px\" alt=\"\" width=\"458\" height=\"346\"  \/><span class=\"gallery-rollover\"><span class=\"gallery-zoom-ico icomoon-the7-font-the7-zoom-06\"><span><\/span><\/span><\/span><\/a><\/article><\/div><div class=\"visible wf-cell iso-item\" data-post-id=\"7347\" data-date=\"2019-09-02T23:01:08+02:00\" data-name=\"Sicherheitsverglasung aus Polycarbonat Flexigard-car Brigade CRS\"><article class=\"post visible post-7347 attachment type-attachment status-inherit hentry no-img\"><a href=\"https:\/\/www.flexigard.fr\/wp-content\/uploads\/2016\/01\/vitrage-polycarbonate-flexigard-Car-CRS.jpg\" class=\"rollover-click-target rollover dt-pswp-item layzr-bg\" title=\"Sicherheitsverglasung aus Polycarbonat Flexigard-car Brigade CRS\" data-dt-img-description=\"Flexigard-Polycarbonatverglasung f\u00fcr SRK-Busse\"  data-large_image_width=\"1600\" data-large_image_height = \"1200\"  data-dt-location=\"https:\/\/www.flexigard.fr\/de\/dt_gallery\/galerie-flexigard\/vitrage-polycarbonate-flexigard-car-crs-2\/\" ><img decoding=\"async\" class=\"preload-me iso-lazy-load aspect\" src=\"data:image\/svg+xml,%3Csvg%20xmlns%3D&#39;http%3A%2F%2Fwww.w3.org%2F2000%2Fsvg&#39;%20viewBox%3D&#39;0%200%20768%20576&#39;%2F%3E\" data-src=\"https:\/\/www.flexigard.fr\/wp-content\/uploads\/2016\/01\/vitrage-polycarbonate-flexigard-Car-CRS-768x576.jpg\" data-srcset=\"https:\/\/www.flexigard.fr\/wp-content\/uploads\/2016\/01\/vitrage-polycarbonate-flexigard-Car-CRS-768x576.jpg 768w, https:\/\/www.flexigard.fr\/wp-content\/uploads\/2016\/01\/vitrage-polycarbonate-flexigard-Car-CRS-1152x864.jpg 1152w\" loading=\"eager\" style=\"--ratio: 768 \/ 576\" sizes=\"(max-width: 768px) 100vw, 768px\" alt=\"\" width=\"768\" height=\"576\"  \/><span class=\"gallery-rollover\"><span class=\"gallery-zoom-ico icomoon-the7-font-the7-zoom-06\"><span><\/span><\/span><\/span><\/a><\/article><\/div><div class=\"visible wf-cell iso-item\" data-post-id=\"7323\" data-date=\"2019-08-08T13:04:36+02:00\" data-name=\"Flexigard-Polycarbonat-Sicherheitsverglasung-Scheinwerferschutz\"><article class=\"post visible post-7323 attachment type-attachment status-inherit hentry no-img\"><a href=\"https:\/\/www.flexigard.fr\/wp-content\/uploads\/2016\/01\/Protection-phare-vitrage-polycarbonate-Flexigard2-1.jpg\" class=\"rollover-click-target rollover dt-pswp-item layzr-bg\" title=\"Flexigard-Polycarbonat-Sicherheitsverglasung-Scheinwerferschutz\" data-dt-img-description=\"\"  data-large_image_width=\"1200\" data-large_image_height = \"800\"  data-dt-location=\"https:\/\/www.flexigard.fr\/de\/dt_gallery\/galerie-flexigard\/protection-phare-vitrage-polycarbonate-flexigard2-2\/\" ><img decoding=\"async\" class=\"preload-me iso-lazy-load aspect\" src=\"data:image\/svg+xml,%3Csvg%20xmlns%3D&#39;http%3A%2F%2Fwww.w3.org%2F2000%2Fsvg&#39;%20viewBox%3D&#39;0%200%20768%20512&#39;%2F%3E\" data-src=\"https:\/\/www.flexigard.fr\/wp-content\/uploads\/2016\/01\/Protection-phare-vitrage-polycarbonate-Flexigard2-1-768x512.jpg\" data-srcset=\"https:\/\/www.flexigard.fr\/wp-content\/uploads\/2016\/01\/Protection-phare-vitrage-polycarbonate-Flexigard2-1-768x512.jpg 768w, https:\/\/www.flexigard.fr\/wp-content\/uploads\/2016\/01\/Protection-phare-vitrage-polycarbonate-Flexigard2-1-1152x768.jpg 1152w\" loading=\"eager\" style=\"--ratio: 768 \/ 512\" sizes=\"(max-width: 768px) 100vw, 768px\" alt=\"\" width=\"768\" height=\"512\"  \/><span class=\"gallery-rollover\"><span class=\"gallery-zoom-ico icomoon-the7-font-the7-zoom-06\"><span><\/span><\/span><\/span><\/a><\/article><\/div><div class=\"visible wf-cell iso-item\" data-post-id=\"7332\" data-date=\"2019-09-02T15:43:03+02:00\" data-name=\"Unzerbrechliche Verglasung-ECE-Zulassung R43- Polycarbonat-Gabelstapler\"><article class=\"post visible post-7332 attachment type-attachment status-inherit hentry no-img\"><a href=\"https:\/\/www.flexigard.fr\/wp-content\/uploads\/2019\/03\/vitrage-polycarbonate-chariot-elevateur-2.jpg\" class=\"rollover-click-target rollover dt-pswp-item layzr-bg\" title=\"Unzerbrechliche Verglasung-ECE-Zulassung R43- Polycarbonat-Gabelstapler\" data-dt-img-description=\"ECE R43-zugelassene Polycarbonatverglasung f\u00fcr Gabelstapler\"  data-large_image_width=\"996\" data-large_image_height = \"693\"  data-dt-location=\"https:\/\/www.flexigard.fr\/de\/dt_gallery\/verglasungen-fuer-flurfoerderzeuge\/vitrage-polycarbonate-chariot-elevateur-2-2-2\/\" ><img decoding=\"async\" class=\"preload-me iso-lazy-load aspect\" src=\"data:image\/svg+xml,%3Csvg%20xmlns%3D&#39;http%3A%2F%2Fwww.w3.org%2F2000%2Fsvg&#39;%20viewBox%3D&#39;0%200%20768%20534&#39;%2F%3E\" data-src=\"https:\/\/www.flexigard.fr\/wp-content\/uploads\/2019\/03\/vitrage-polycarbonate-chariot-elevateur-2-768x534.jpg\" data-srcset=\"https:\/\/www.flexigard.fr\/wp-content\/uploads\/2019\/03\/vitrage-polycarbonate-chariot-elevateur-2-768x534.jpg 768w, https:\/\/www.flexigard.fr\/wp-content\/uploads\/2019\/03\/vitrage-polycarbonate-chariot-elevateur-2.jpg 996w\" loading=\"eager\" style=\"--ratio: 768 \/ 534\" sizes=\"(max-width: 768px) 100vw, 768px\" alt=\"\" width=\"768\" height=\"534\"  \/><span class=\"gallery-rollover\"><span class=\"gallery-zoom-ico icomoon-the7-font-the7-zoom-06\"><span><\/span><\/span><\/span><\/a><\/article><\/div><div class=\"visible wf-cell iso-item\" data-post-id=\"7397\" data-date=\"2019-09-30T15:26:36+02:00\" data-name=\"Flexigard-Sicherheitsverglasung aus Polycarbonat\"><article class=\"post visible post-7397 attachment type-attachment status-inherit hentry no-img\"><a href=\"https:\/\/www.flexigard.fr\/wp-content\/uploads\/2016\/01\/Vitre-2-1.png\" class=\"rollover-click-target rollover dt-pswp-item layzr-bg\" title=\"Flexigard-Sicherheitsverglasung aus Polycarbonat\" data-dt-img-description=\"\"  data-large_image_width=\"525\" data-large_image_height = \"341\"  data-dt-location=\"https:\/\/www.flexigard.fr\/de\/dt_gallery\/galerie-flexigard\/vitre-2-2-2\/\" ><img decoding=\"async\" class=\"preload-me iso-lazy-load aspect\" src=\"data:image\/svg+xml,%3Csvg%20xmlns%3D&#39;http%3A%2F%2Fwww.w3.org%2F2000%2Fsvg&#39;%20viewBox%3D&#39;0%200%20525%20341&#39;%2F%3E\" data-src=\"https:\/\/www.flexigard.fr\/wp-content\/uploads\/2016\/01\/Vitre-2-1.png\" data-srcset=\"https:\/\/www.flexigard.fr\/wp-content\/uploads\/2016\/01\/Vitre-2-1.png 525w\" loading=\"eager\" style=\"--ratio: 525 \/ 341\" sizes=\"(max-width: 525px) 100vw, 525px\" alt=\"\" width=\"525\" height=\"341\"  \/><span class=\"gallery-rollover\"><span class=\"gallery-zoom-ico icomoon-the7-font-the7-zoom-06\"><span><\/span><\/span><\/span><\/a><\/article><\/div><div class=\"visible wf-cell iso-item\" data-post-id=\"6931\" data-date=\"2019-08-07T18:12:07+02:00\" data-name=\"Sicherheitsverglasung aus Polycarbonat Flexigard-fahrzeug-CRS\"><article class=\"post visible post-6931 attachment type-attachment status-inherit hentry no-img\"><a href=\"https:\/\/www.flexigard.fr\/wp-content\/uploads\/2019\/03\/Photo-v\u00e9hicule-CRS-1.jpg\" class=\"rollover-click-target rollover dt-pswp-item layzr-bg\" title=\"Sicherheitsverglasung aus Polycarbonat Flexigard-fahrzeug-CRS\" data-dt-img-description=\"\"  data-large_image_width=\"800\" data-large_image_height = \"600\"  data-dt-location=\"https:\/\/www.flexigard.fr\/de\/photo-vehicule-crs-1-2\/\" ><img decoding=\"async\" class=\"preload-me iso-lazy-load aspect\" src=\"data:image\/svg+xml,%3Csvg%20xmlns%3D&#39;http%3A%2F%2Fwww.w3.org%2F2000%2Fsvg&#39;%20viewBox%3D&#39;0%200%20768%20576&#39;%2F%3E\" data-src=\"https:\/\/www.flexigard.fr\/wp-content\/uploads\/2019\/03\/Photo-v\u00e9hicule-CRS-1-768x576.jpg\" data-srcset=\"https:\/\/www.flexigard.fr\/wp-content\/uploads\/2019\/03\/Photo-v\u00e9hicule-CRS-1-768x576.jpg 768w, https:\/\/www.flexigard.fr\/wp-content\/uploads\/2019\/03\/Photo-v\u00e9hicule-CRS-1.jpg 800w\" loading=\"eager\" style=\"--ratio: 768 \/ 576\" sizes=\"(max-width: 768px) 100vw, 768px\" alt=\"\" width=\"768\" height=\"576\"  \/><span class=\"gallery-rollover\"><span class=\"gallery-zoom-ico icomoon-the7-font-the7-zoom-06\"><span><\/span><\/span><\/span><\/a><\/article><\/div><div class=\"visible wf-cell iso-item\" data-post-id=\"6733\" data-date=\"2019-06-14T16:56:28+02:00\" data-name=\"Flexigard-Feuerschutz-Polycarbonat-Sicherheitsglas\"><article class=\"post visible post-6733 attachment type-attachment status-inherit hentry no-img\"><a href=\"https:\/\/www.flexigard.fr\/wp-content\/uploads\/2019\/03\/IMG_7351.jpg\" class=\"rollover-click-target rollover dt-pswp-item layzr-bg\" title=\"Flexigard-Feuerschutz-Polycarbonat-Sicherheitsglas\" data-dt-img-description=\"\"  data-large_image_width=\"1944\" data-large_image_height = \"2592\"  data-dt-location=\"https:\/\/www.flexigard.fr\/de\/img_7351-2\/\" ><img decoding=\"async\" class=\"preload-me iso-lazy-load aspect\" src=\"data:image\/svg+xml,%3Csvg%20xmlns%3D&#39;http%3A%2F%2Fwww.w3.org%2F2000%2Fsvg&#39;%20viewBox%3D&#39;0%200%20768%201024&#39;%2F%3E\" data-src=\"https:\/\/www.flexigard.fr\/wp-content\/uploads\/2019\/03\/IMG_7351-768x1024.jpg\" data-srcset=\"https:\/\/www.flexigard.fr\/wp-content\/uploads\/2019\/03\/IMG_7351-768x1024.jpg 768w, https:\/\/www.flexigard.fr\/wp-content\/uploads\/2019\/03\/IMG_7351-1152x1536.jpg 1152w\" loading=\"eager\" style=\"--ratio: 768 \/ 1024\" sizes=\"(max-width: 768px) 100vw, 768px\" alt=\"\" width=\"768\" height=\"1024\"  \/><span class=\"gallery-rollover\"><span class=\"gallery-zoom-ico icomoon-the7-font-the7-zoom-06\"><span><\/span><\/span><\/span><\/a><\/article><\/div><div class=\"visible wf-cell iso-item\" data-post-id=\"7329\" data-date=\"2019-09-02T15:43:00+02:00\" data-name=\"Schutzscheibe ECE R43-Polycarbonat-Traktor\"><article class=\"post visible post-7329 attachment type-attachment status-inherit hentry no-img\"><a href=\"https:\/\/www.flexigard.fr\/wp-content\/uploads\/2019\/03\/vitrage-polycarbonate-engin-tp4.jpg\" class=\"rollover-click-target rollover dt-pswp-item layzr-bg\" title=\"Schutzscheibe ECE R43-Polycarbonat-Traktor\" data-dt-img-description=\"Unzerbrechliche Polycarbonatverglasung mit ECE R43-Zulassung f\u00fcr Traktorkabinen\"  data-large_image_width=\"642\" data-large_image_height = \"462\"  data-dt-location=\"https:\/\/www.flexigard.fr\/de\/dt_gallery\/verglasungen-fuer-flurfoerderzeuge\/vitrage-polycarbonate-engin-tp4-2-2\/\" ><img decoding=\"async\" class=\"preload-me iso-lazy-load aspect\" src=\"data:image\/svg+xml,%3Csvg%20xmlns%3D&#39;http%3A%2F%2Fwww.w3.org%2F2000%2Fsvg&#39;%20viewBox%3D&#39;0%200%20642%20462&#39;%2F%3E\" data-src=\"https:\/\/www.flexigard.fr\/wp-content\/uploads\/2019\/03\/vitrage-polycarbonate-engin-tp4.jpg\" data-srcset=\"https:\/\/www.flexigard.fr\/wp-content\/uploads\/2019\/03\/vitrage-polycarbonate-engin-tp4.jpg 642w\" loading=\"eager\" style=\"--ratio: 642 \/ 462\" sizes=\"(max-width: 642px) 100vw, 642px\" alt=\"\" width=\"642\" height=\"462\"  \/><span class=\"gallery-rollover\"><span class=\"gallery-zoom-ico icomoon-the7-font-the7-zoom-06\"><span><\/span><\/span><\/span><\/a><\/article><\/div><div class=\"visible wf-cell iso-item\" data-post-id=\"6940\" data-date=\"2019-08-07T19:22:13+02:00\" data-name=\"Windschutzscheibe Boot ECE R43-Polycarbonat\"><article class=\"post visible post-6940 attachment type-attachment status-inherit hentry no-img\"><a href=\"https:\/\/www.flexigard.fr\/wp-content\/uploads\/2019\/08\/Vitrage-polycarbonate-pour-bateau-de-tourisme.jpg\" class=\"rollover-click-target rollover dt-pswp-item layzr-bg\" title=\"Windschutzscheibe Boot ECE R43-Polycarbonat\" data-dt-img-description=\"Parebrise pour bateau de tourisme en polycarbonate homologu\u00e9 ECE R43 \"  data-large_image_width=\"1600\" data-large_image_height = \"1200\"  data-dt-location=\"https:\/\/www.flexigard.fr\/de\/vitrage-polycarbonate-pour-bateau-de-tourisme-2\/\" ><img decoding=\"async\" class=\"preload-me iso-lazy-load aspect\" src=\"data:image\/svg+xml,%3Csvg%20xmlns%3D&#39;http%3A%2F%2Fwww.w3.org%2F2000%2Fsvg&#39;%20viewBox%3D&#39;0%200%20768%20576&#39;%2F%3E\" data-src=\"https:\/\/www.flexigard.fr\/wp-content\/uploads\/2019\/08\/Vitrage-polycarbonate-pour-bateau-de-tourisme-768x576.jpg\" data-srcset=\"https:\/\/www.flexigard.fr\/wp-content\/uploads\/2019\/08\/Vitrage-polycarbonate-pour-bateau-de-tourisme-768x576.jpg 768w, https:\/\/www.flexigard.fr\/wp-content\/uploads\/2019\/08\/Vitrage-polycarbonate-pour-bateau-de-tourisme-1152x864.jpg 1152w\" loading=\"eager\" style=\"--ratio: 768 \/ 576\" sizes=\"(max-width: 768px) 100vw, 768px\" alt=\"\" width=\"768\" height=\"576\"  \/><span class=\"gallery-rollover\"><span class=\"gallery-zoom-ico icomoon-the7-font-the7-zoom-06\"><span><\/span><\/span><\/span><\/a><\/article><\/div><div class=\"visible wf-cell iso-item\" data-post-id=\"7394\" data-date=\"2019-09-30T15:26:34+02:00\" data-name=\"Gr\u00fcn get\u00f6nte Polycarbonat-Sicherheitsglasscheibe ECE R43\"><article class=\"post visible post-7394 attachment type-attachment status-inherit hentry no-img\"><a href=\"https:\/\/www.flexigard.fr\/wp-content\/uploads\/2016\/01\/Vitre-1-1.png\" class=\"rollover-click-target rollover dt-pswp-item layzr-bg\" title=\"Gr\u00fcn get\u00f6nte Polycarbonat-Sicherheitsglasscheibe ECE R43\" data-dt-img-description=\"Verglasung ECE R43 aus Polycarbonat f\u00fcr das Kabinendach von Forstmaschinen\"  data-large_image_width=\"612\" data-large_image_height = \"302\"  data-dt-location=\"https:\/\/www.flexigard.fr\/de\/dt_gallery\/galerie-flexigard\/vitre-1-2\/\" ><img decoding=\"async\" class=\"preload-me iso-lazy-load aspect\" src=\"data:image\/svg+xml,%3Csvg%20xmlns%3D&#39;http%3A%2F%2Fwww.w3.org%2F2000%2Fsvg&#39;%20viewBox%3D&#39;0%200%20612%20302&#39;%2F%3E\" data-src=\"https:\/\/www.flexigard.fr\/wp-content\/uploads\/2016\/01\/Vitre-1-1.png\" data-srcset=\"https:\/\/www.flexigard.fr\/wp-content\/uploads\/2016\/01\/Vitre-1-1.png 612w\" loading=\"eager\" style=\"--ratio: 612 \/ 302\" sizes=\"(max-width: 612px) 100vw, 612px\" alt=\"Gr\u00fcn get\u00f6nte Polycarbonat-Sicherheitsglasscheibe ECE R43\" width=\"612\" height=\"302\"  \/><span class=\"gallery-rollover\"><span class=\"gallery-zoom-ico icomoon-the7-font-the7-zoom-06\"><span><\/span><\/span><\/span><\/a><\/article><\/div><\/div><!-- iso-container|iso-grid --><div class=\"paginator paginator-more-button\">\n\t\t\t\t<a class=\"button-load-more \" href=\"javascript:void(0);\" data-dt-page=\"1\" ><span class=\"stick\"><\/span><span class=\"stick\"><\/span><span class=\"stick\"><\/span><span class=\"button-caption\">Mehr laden<\/span><\/a>\n\t\t\t<\/div><\/div>[\/vc_column][\/vc_row][vc_row bg_type=&#8220;image&#8220; parallax_style=&#8220;vcpb-vz-jquery&#8220; bg_image_new=&#8220;id^1835|url^https:\/\/www.flexigard.fr\/wp-content\/uploads\/2019\/03\/Fond-Comaplex.jpg|caption^null|alt^null|title^Fond-Comaplex|description^null&#8220; bg_image_size=&#8220;initial&#8220; bg_override=&#8220;ex-full&#8220; type=&#8220;vc_default&#8220; css=&#8220;.vc_custom_1564530223269{padding-top: 60px !important;padding-bottom: 70px !important;}&#8220;][vc_column]<div id=\"ultimate-heading-183969f2a7ed16725\" class=\"uvc-heading ult-adjust-bottom-margin ultimate-heading-183969f2a7ed16725 uvc-201 accent-title-color\" data-hspacer=\"no_spacer\"  data-halign=\"center\" style=\"text-align:center\"><div class=\"uvc-heading-spacer no_spacer\" style=\"top\"><\/div><div class=\"uvc-main-heading ult-responsive\"  data-ultimate-target='.uvc-heading.ultimate-heading-183969f2a7ed16725 h2'  data-responsive-json-new='{\"font-size\":\"desktop:40px;tablet_portrait:20px;\",\"line-height\":\"desktop:46px;tablet_portrait:26px;\"}' ><h2 style=\"font-family:&#039;Open Sans Condensed&#039;;font-weight:700;margin-bottom:10px;\">SIE HABEN EIN PROJEKT<\/h2><\/div><div class=\"uvc-sub-heading ult-responsive\"  data-ultimate-target='.uvc-heading.ultimate-heading-183969f2a7ed16725 .uvc-sub-heading '  data-responsive-json-new='{\"font-size\":\"desktop:70px;tablet_portrait:40px;\",\"line-height\":\"desktop:76px;tablet_portrait:46px;\"}'  style=\"font-family:&#039;Open Sans Condensed&#039;;font-weight:700;color:#ffffff;\">KONTAKTIEREN SIE UNS N<span class=\"st\">O<\/span>CH HEUTE<\/div><\/div><style type=\"text\/css\" data-type=\"the7_shortcodes-inline-css\">#default-btn-89543f573d74d4f325a66d519bc207f7.ico-right-side > i {\n  margin-right: 0px;\n  margin-left: 8px;\n}\n#default-btn-89543f573d74d4f325a66d519bc207f7 > i {\n  margin-right: 8px;\n}<\/style><div class=\"btn-align-center\"><a href=\"https:\/\/www.flexigard.fr\/contact\/\" class=\"default-btn-shortcode dt-btn dt-btn-l link-hover-off  vc_custom_1564533539712\" id=\"default-btn-89543f573d74d4f325a66d519bc207f7\" style=\"width:400px;\" title=\"Contact\"><span>FORMULAIRE EN LIGNE<\/span><\/a><\/div>[\/vc_column][\/vc_row][vc_row full_width=&#8220;stretch_row&#8220; bg_type=&#8220;bg_color&#8220; bg_override=&#8220;ex-full&#8220; type=&#8220;vc_default&#8220; margin_top=&#8220;60&#8243; margin_bottom=&#8220;-40&#8243; css=&#8220;.vc_custom_1648028728175{padding-top: 70px !important;padding-bottom: 70px !important;}&#8220; bg_color_value=&#8220;#f5f5f5&#8243;][vc_column css=&#8220;.vc_custom_1490364540235{padding-bottom: 80px !important;}&#8220;]<div id=\"ultimate-heading-267869f2a7ed1686f\" class=\"uvc-heading ult-adjust-bottom-margin ultimate-heading-267869f2a7ed1686f uvc-1548 accent-border-color\" data-hspacer=\"line_only\"  data-halign=\"center\" style=\"text-align:center\"><div class=\"uvc-main-heading ult-responsive\"  data-ultimate-target='.uvc-heading.ultimate-heading-267869f2a7ed1686f h2'  data-responsive-json-new='{\"font-size\":\"desktop:40px;\",\"line-height\":\"desktop:46px;\"}' ><h2 style=\"font-weight:bold;margin-bottom:15px;\">Die Akteure der Gruppe<\/h2><\/div><div class=\"uvc-heading-spacer line_only\" style=\"topheight:5px;\"><span class=\"uvc-headings-line\" style=\"border-style:solid;border-bottom-width:5px;border-color:;width:200px;\"><\/span><\/div><\/div>[\/vc_column][vc_column]<style type=\"text\/css\" data-type=\"the7_shortcodes-inline-css\">.carousel-shortcode.carousel-shortcode-id-a2ad05a51f1ab00529433e9551d7d453.owl-carousel .owl-nav div {\n  width: 22px;\n  height: 80px;\n  border-radius: 0px;\n}\n.dt-arrow-border-on.carousel-shortcode.carousel-shortcode-id-a2ad05a51f1ab00529433e9551d7d453.owl-carousel .owl-nav div:not(:hover):before {\n  border-width: 0px;\n}\n.dt-arrow-hover-border-on.carousel-shortcode.carousel-shortcode-id-a2ad05a51f1ab00529433e9551d7d453.owl-carousel .owl-nav div:hover:after {\n  border-width: 0px;\n}\n.arrows-hover-bg-on.carousel-shortcode.carousel-shortcode-id-a2ad05a51f1ab00529433e9551d7d453.owl-carousel .owl-nav div:after {\n  background: #333333;\n}\n.carousel-shortcode.carousel-shortcode-id-a2ad05a51f1ab00529433e9551d7d453.owl-carousel .owl-nav div.owl-prev {\n  top: 50%;\n  transform: translateY(calc(-50% + 0px));\n  left: 0px;\n}\n@media all and (-ms-high-contrast: none) {\n  .carousel-shortcode.carousel-shortcode-id-a2ad05a51f1ab00529433e9551d7d453.owl-carousel .owl-nav div.owl-prev {\n    transform: translateY(-50%);\n    margin-top: 0px;\n  }\n}\n.carousel-shortcode.carousel-shortcode-id-a2ad05a51f1ab00529433e9551d7d453.owl-carousel .owl-nav div.owl-prev i {\n  padding: 0px 0px 0px 0px;\n}\n.carousel-shortcode.carousel-shortcode-id-a2ad05a51f1ab00529433e9551d7d453.owl-carousel .owl-nav div.owl-next {\n  top: 50%;\n  transform: translateY(calc(-50% + 0px));\n  right: 0px;\n}\n@media all and (-ms-high-contrast: none) {\n  .carousel-shortcode.carousel-shortcode-id-a2ad05a51f1ab00529433e9551d7d453.owl-carousel .owl-nav div.owl-next {\n    transform: translateY(-50%);\n    margin-top: 0px;\n  }\n}\n.carousel-shortcode.carousel-shortcode-id-a2ad05a51f1ab00529433e9551d7d453.owl-carousel .owl-nav div.owl-next i {\n  padding: 0px 0px 0px 0px;\n}\n.carousel-shortcode.carousel-shortcode-id-a2ad05a51f1ab00529433e9551d7d453.owl-carousel .owl-nav i {\n  font-size: 18px;\n}\n.carousel-shortcode.carousel-shortcode-id-a2ad05a51f1ab00529433e9551d7d453.owl-carousel .owl-nav div:not(:hover) i,\n.carousel-shortcode.carousel-shortcode-id-a2ad05a51f1ab00529433e9551d7d453.owl-carousel .owl-nav div:not(:hover) i:before {\n  color: #ffffff;\n  background: none;\n}\n.carousel-shortcode.carousel-shortcode-id-a2ad05a51f1ab00529433e9551d7d453.owl-carousel .owl-nav div:hover i,\n.carousel-shortcode.carousel-shortcode-id-a2ad05a51f1ab00529433e9551d7d453.owl-carousel .owl-nav div:hover i:before {\n  color: #ffffff;\n  background: none;\n}\n.carousel-shortcode.carousel-shortcode-id-a2ad05a51f1ab00529433e9551d7d453 .owl-dots {\n  top: calc(100% + 20px);\n  left: 50%;\n  transform: translateX(calc(-50% + 0px));\n}\n@media all and (-ms-high-contrast: none) {\n  .carousel-shortcode.carousel-shortcode-id-a2ad05a51f1ab00529433e9551d7d453 .owl-dots {\n    transform: translateX(-50%);\n    margin-left: 0px;\n  }\n}\n.carousel-shortcode.carousel-shortcode-id-a2ad05a51f1ab00529433e9551d7d453 .owl-dot {\n  width: 10px;\n  height: 10px;\n  margin: 0 8px;\n}\n@media screen and (max-width: 778px) {\n  .carousel-shortcode.carousel-shortcode-id-a2ad05a51f1ab00529433e9551d7d453.hide-arrows .owl-nav a {\n    display: none;\n  }\n}\n@media screen and (max-width: 778px) {\n  .carousel-shortcode.carousel-shortcode-id-a2ad05a51f1ab00529433e9551d7d453.reposition-arrows .owl-nav div.owl-prev {\n    top: 50%;\n    transform: translateY(calc(-50% + 0px));\n    left: 10px;\n  }\n  .carousel-shortcode.carousel-shortcode-id-a2ad05a51f1ab00529433e9551d7d453.reposition-arrows .owl-nav div.owl-next {\n    top: 50%;\n    transform: translateY(calc(-50% + 0px));\n    right: 10px;\n  }\n}\n@media screen and (max-width: 778px) and all and (-ms-high-contrast: none) {\n  .carousel-shortcode.carousel-shortcode-id-a2ad05a51f1ab00529433e9551d7d453.reposition-arrows .owl-nav div.owl-prev {\n    transform: translateY(-50%);\n    margin-top: 0px;\n  }\n}\n@media screen and (max-width: 778px) and all and (-ms-high-contrast: none) {\n  .carousel-shortcode.carousel-shortcode-id-a2ad05a51f1ab00529433e9551d7d453.reposition-arrows .owl-nav div.owl-next {\n    transform: translateY(-50%);\n    margin-top: 0px;\n  }\n}<\/style><div class=\"owl-carousel carousel-shortcode dt-owl-carousel-call carousel-shortcode-id-a2ad05a51f1ab00529433e9551d7d453 bullets-small-dot-stroke arrows-bg-on dt-arrow-border-on dt-arrow-hover-border-on arrows-hover-bg-on  vc_custom_1743087924195 \" data-scroll-mode=\"1\" data-col-num=\"4\" data-wide-col-num=\"4\" data-laptop-col=\"4\" data-h-tablet-columns-num=\"4\" data-v-tablet-columns-num=\"2\" data-phone-columns-num=\"1\" data-auto-height=\"false\" data-col-gap=\"30\" data-stage-padding=\"0\" data-speed=\"600\" data-autoplay=\"true\" data-autoplay_speed=\"3000\" data-arrows=\"true\" data-bullet=\"false\" data-next-icon=\"icon-ar-004-r\" data-prev-icon=\"icon-ar-004-l\">[vc_row_inner][vc_column_inner]<style type=\"text\/css\" data-type=\"the7_shortcodes-inline-css\">.shortcode-single-image-wrap.shortcode-single-image-f7e9e05cecd0183eb79a4642bd436149.enable-bg-rollover .rollover i,\n.shortcode-single-image-wrap.shortcode-single-image-f7e9e05cecd0183eb79a4642bd436149.enable-bg-rollover .rollover-video i {\n  background: -webkit-linear-gradient();\n  background: linear-gradient();\n}\n.shortcode-single-image-wrap.shortcode-single-image-f7e9e05cecd0183eb79a4642bd436149 .rollover-icon {\n  font-size: 32px;\n  color: #ffffff;\n  min-width: 44px;\n  min-height: 44px;\n  line-height: 44px;\n  border-radius: 100px;\n  border-style: solid;\n  border-width: 0px;\n}\n.dt-icon-bg-on.shortcode-single-image-wrap.shortcode-single-image-f7e9e05cecd0183eb79a4642bd436149 .rollover-icon {\n  background: rgba(255,255,255,0.3);\n  box-shadow: none;\n}<\/style><div class=\"shortcode-single-image-wrap shortcode-single-image-f7e9e05cecd0183eb79a4642bd436149 alignnone caption-on  vc_custom_1743086588241 enable-bg-rollover dt-icon-bg-off\"  data-pretty-share=\"facebook,twitter,pinterest,linkedin,whatsapp\"><div class=\"shortcode-single-image\"><div class=\"fancy-media-wrap\" style=\"\"><a href=\"https:\/\/www.comaplex-plastique.fr\" class=\" layzr-bg rollover\" style=\"\" target=\"_blank\" rel=\"noopener\" aria-label=\"Image\"><img decoding=\"async\" class=\"preload-me lazy-load aspect\" src=\"data:image\/svg+xml,%3Csvg%20xmlns%3D&#39;http%3A%2F%2Fwww.w3.org%2F2000%2Fsvg&#39;%20viewBox%3D&#39;0%200%20360%20127&#39;%2F%3E\" data-src=\"https:\/\/www.flexigard.fr\/wp-content\/uploads\/2025\/02\/COMAPLEX-EdgeLess-360x127-1.png\" data-srcset=\"https:\/\/www.flexigard.fr\/wp-content\/uploads\/2025\/02\/COMAPLEX-EdgeLess-360x127-1.png 360w\" loading=\"eager\" style=\"--ratio: 360 \/ 127\" sizes=\"(max-width: 360px) 100vw, 360px\" width=\"360\" height=\"127\"  data-dt-location=\"https:\/\/www.flexigard.fr\/de\/home\/comaplex-edgeless-360x127-2\/\" alt=\"Comaplex Plastiques\" \/><\/a><\/div><\/div><div class=\"shortcode-single-caption\">Comaplex Plastiques<\/div><\/div><span id=\"creative-link-wrap-2420\" class=\"ult_main_cl ult-adjust-bottom-margin  \" >\n\t \t\t\t<span class=\"  ult_crlink\" >\n\t\t\t\t\t<a  data-ultimate-target='#creative-link-wrap-2420 .ult_colorlink'  data-responsive-json-new='{\"font-size\":\"desktop:26px;\",\"line-height\":\"desktop:32px;\"}'  href=\"https:\/\/www.comaplex-plastique.fr\" target=\"_blank\" rel=\"noopener\"  class=\"ult_colorlink ult-responsive  vc_custom_1553097067313\" style=\"font-family:Open Sans Condensed;font-weight:700; \"  data-textcolor=\"#333333\" data-texthover=\"#ec1c24\"data-style=\"\">\n\t\t\t\t\t\t\n\t\t\t\t\t\t<span data-hover=\"Comaplex\" style=\"color:#333333;;;\" class=\"ult_btn10_span   \">Comaplex<\/span>\n\t\t\t\t\t\t\n\t\t\t\t\t<\/a>\n\t\t\t\t<\/span>\n\t\t\t<\/span>[vc_column_text css=&#8220;.vc_custom_1648028422391{margin-top: -40px !important;}&#8220;]<\/p>\n<p style=\"text-align: center;\">Thermoplastische Teile und Baugruppen. Spezialist f\u00fcr Kunststoffbearbeitung, Kunststoffblechbearbeitung, Kunststoffkesselbau, Thermoformen. <\/p>\n<p>[\/vc_column_text][\/vc_column_inner][\/vc_row_inner][vc_row_inner][vc_column_inner]<style type=\"text\/css\" data-type=\"the7_shortcodes-inline-css\">.shortcode-single-image-wrap.shortcode-single-image-ad081db7a6984f7236881054e8eaded3.enable-bg-rollover .rollover i,\n.shortcode-single-image-wrap.shortcode-single-image-ad081db7a6984f7236881054e8eaded3.enable-bg-rollover .rollover-video i {\n  background: -webkit-linear-gradient();\n  background: linear-gradient();\n}\n.shortcode-single-image-wrap.shortcode-single-image-ad081db7a6984f7236881054e8eaded3 .rollover-icon {\n  font-size: 32px;\n  color: #ffffff;\n  min-width: 44px;\n  min-height: 44px;\n  line-height: 44px;\n  border-radius: 100px;\n  border-style: solid;\n  border-width: 0px;\n}\n.dt-icon-bg-on.shortcode-single-image-wrap.shortcode-single-image-ad081db7a6984f7236881054e8eaded3 .rollover-icon {\n  background: rgba(255,255,255,0.3);\n  box-shadow: none;\n}<\/style><div class=\"shortcode-single-image-wrap shortcode-single-image-ad081db7a6984f7236881054e8eaded3 alignnone  vc_custom_1743086848458 enable-bg-rollover dt-icon-bg-off\"  data-pretty-share=\"facebook,twitter,pinterest,linkedin,whatsapp\"><div class=\"shortcode-single-image\"><div class=\"fancy-media-wrap\" style=\"\"><a href=\"https:\/\/www.peignes-tp-resoflex.fr\/\" class=\" layzr-bg rollover\" style=\"\" aria-label=\"Image\"><img decoding=\"async\" class=\"preload-me lazy-load aspect\" src=\"data:image\/svg+xml,%3Csvg%20xmlns%3D&#39;http%3A%2F%2Fwww.w3.org%2F2000%2Fsvg&#39;%20viewBox%3D&#39;0%200%20360%20127&#39;%2F%3E\" data-src=\"https:\/\/www.flexigard.fr\/wp-content\/uploads\/2025\/03\/Resoflex-2024-Site.png\" data-srcset=\"https:\/\/www.flexigard.fr\/wp-content\/uploads\/2025\/03\/Resoflex-2024-Site.png 360w\" loading=\"eager\" style=\"--ratio: 360 \/ 127\" sizes=\"(max-width: 360px) 100vw, 360px\" width=\"360\" height=\"127\"  data-dt-location=\"https:\/\/www.flexigard.fr\/de\/contact\/resoflex-2024-site\/\" alt=\"\" \/><\/a><\/div><\/div><\/div><span id=\"creative-link-wrap-6316\" class=\"ult_main_cl ult-adjust-bottom-margin  \" >\n\t \t\t\t<span class=\"  ult_crlink\" >\n\t\t\t\t\t<a  data-ultimate-target='#creative-link-wrap-6316 .ult_colorlink'  data-responsive-json-new='{\"font-size\":\"desktop:26px;\",\"line-height\":\"desktop:32px;\"}'  href=\"https:\/\/www.peignes-tp-resoflex.fr\" target=\"_blank\" rel=\"noopener\"  class=\"ult_colorlink ult-responsive  vc_custom_1553097215757\" style=\"font-family:Open Sans Condensed;font-weight:700; \"  data-textcolor=\"#333333\" data-texthover=\"#ec1c24\"data-style=\"\">\n\t\t\t\t\t\t\n\t\t\t\t\t\t<span data-hover=\"Resoflex\" style=\"color:#333333;;;\" class=\"ult_btn10_span   \">Resoflex<\/span>\n\t\t\t\t\t\t\n\t\t\t\t\t<\/a>\n\t\t\t\t<\/span>\n\t\t\t<\/span>[vc_column_text css=&#8220;.vc_custom_1648028520363{margin-top: -40px !important;}&#8220;]<\/p>\n<p style=\"text-align: center;\">Franz\u00f6sischer Hersteller von Abstandshaltern und Separatoren aus Kunststoff f\u00fcr die Verlegung von trockenen Mehrrohrnetzen im Erdreich.<\/p>\n<p>[\/vc_column_text][\/vc_column_inner][\/vc_row_inner][vc_row_inner][vc_column_inner]<style type=\"text\/css\" data-type=\"the7_shortcodes-inline-css\">.shortcode-single-image-wrap.shortcode-single-image-0cb3017197bcb549e9bc2684f1f21544.enable-bg-rollover .rollover i,\n.shortcode-single-image-wrap.shortcode-single-image-0cb3017197bcb549e9bc2684f1f21544.enable-bg-rollover .rollover-video i {\n  background: -webkit-linear-gradient();\n  background: linear-gradient();\n}\n.shortcode-single-image-wrap.shortcode-single-image-0cb3017197bcb549e9bc2684f1f21544 .rollover-icon {\n  font-size: 32px;\n  color: #ffffff;\n  min-width: 44px;\n  min-height: 44px;\n  line-height: 44px;\n  border-radius: 100px;\n  border-style: solid;\n  border-width: 0px;\n}\n.dt-icon-bg-on.shortcode-single-image-wrap.shortcode-single-image-0cb3017197bcb549e9bc2684f1f21544 .rollover-icon {\n  background: rgba(255,255,255,0.3);\n  box-shadow: none;\n}<\/style><div class=\"shortcode-single-image-wrap shortcode-single-image-0cb3017197bcb549e9bc2684f1f21544 alignnone  vc_custom_1743086880391 enable-bg-rollover dt-icon-bg-off\"  data-pretty-share=\"facebook,twitter,pinterest,linkedin,whatsapp\"><div class=\"shortcode-single-image\"><div class=\"fancy-media-wrap\" style=\"\"><a href=\"https:\/\/www.saip-cuves-plastiques.fr\" class=\" layzr-bg rollover\" style=\"\" target=\"_blank\" rel=\"noopener\" aria-label=\"Image\"><img decoding=\"async\" class=\"preload-me lazy-load aspect\" src=\"data:image\/svg+xml,%3Csvg%20xmlns%3D&#39;http%3A%2F%2Fwww.w3.org%2F2000%2Fsvg&#39;%20viewBox%3D&#39;0%200%20360%20127&#39;%2F%3E\" data-src=\"https:\/\/www.flexigard.fr\/wp-content\/uploads\/2025\/03\/SAIP-2024-Site.png\" data-srcset=\"https:\/\/www.flexigard.fr\/wp-content\/uploads\/2025\/03\/SAIP-2024-Site.png 360w\" loading=\"eager\" style=\"--ratio: 360 \/ 127\" sizes=\"(max-width: 360px) 100vw, 360px\" width=\"360\" height=\"127\"  data-dt-location=\"https:\/\/www.flexigard.fr\/de\/contact\/saip-2024-site\/\" alt=\"\" \/><\/a><\/div><\/div><\/div><span id=\"creative-link-wrap-4567\" class=\"ult_main_cl ult-adjust-bottom-margin  \" >\n\t \t\t\t<span class=\"  ult_crlink\" >\n\t\t\t\t\t<a  data-ultimate-target='#creative-link-wrap-4567 .ult_colorlink'  data-responsive-json-new='{\"font-size\":\"desktop:26px;\",\"line-height\":\"desktop:32px;\"}'  href=\"https:\/\/www.saip-cuves-plastiques.fr\" target=\"_blank\" rel=\"noopener\"  class=\"ult_colorlink ult-responsive  vc_custom_1648028641297\" style=\"font-family:Open Sans Condensed;font-weight:700; \"  data-textcolor=\"#333333\" data-texthover=\"#ec1c24\"data-style=\"\">\n\t\t\t\t\t\t\n\t\t\t\t\t\t<span data-hover=\"S.A.I.P Kunststofftanks\" style=\"color:#333333;;;\" class=\"ult_btn10_span   \">S.A.I.P Kunststofftanks<\/span>\n\t\t\t\t\t\t\n\t\t\t\t\t<\/a>\n\t\t\t\t<\/span>\n\t\t\t<\/span>[vc_column_text css=&#8220;.vc_custom_1656595521107{margin-top: -40px !important;}&#8220;]<\/p>\n<p style=\"text-align: center;\">Herstellung von Kunststofftanks f\u00fcr die Wasseraufbereitung, die chemische Industrie, die Landwirtschaft, die Lebensmittelindustrie und die Nuklearindustrie.<\/p>\n<p>[\/vc_column_text][\/vc_column_inner][\/vc_row_inner][vc_row_inner][vc_column_inner]<style type=\"text\/css\" data-type=\"the7_shortcodes-inline-css\">.shortcode-single-image-wrap.shortcode-single-image-e54e7c9da756590a3c7aace0e90577bd.enable-bg-rollover .rollover i,\n.shortcode-single-image-wrap.shortcode-single-image-e54e7c9da756590a3c7aace0e90577bd.enable-bg-rollover .rollover-video i {\n  background: -webkit-linear-gradient();\n  background: linear-gradient();\n}\n.shortcode-single-image-wrap.shortcode-single-image-e54e7c9da756590a3c7aace0e90577bd .rollover-icon {\n  font-size: 32px;\n  color: #ffffff;\n  min-width: 44px;\n  min-height: 44px;\n  line-height: 44px;\n  border-radius: 100px;\n  border-style: solid;\n  border-width: 0px;\n}\n.dt-icon-bg-on.shortcode-single-image-wrap.shortcode-single-image-e54e7c9da756590a3c7aace0e90577bd .rollover-icon {\n  background: rgba(255,255,255,0.3);\n  box-shadow: none;\n}<\/style><div class=\"shortcode-single-image-wrap shortcode-single-image-e54e7c9da756590a3c7aace0e90577bd alignnone  vc_custom_1743086895628 enable-bg-rollover dt-icon-bg-off\"  data-pretty-share=\"facebook,twitter,pinterest,linkedin,whatsapp\"><div class=\"shortcode-single-image\"><div class=\"fancy-media-wrap\" style=\"\"><a href=\"https:\/\/www.saip-environnement.fr\" class=\" layzr-bg rollover\" style=\"\" target=\"_blank\" rel=\"noopener\" aria-label=\"Image\"><img decoding=\"async\" class=\"preload-me lazy-load aspect\" src=\"data:image\/svg+xml,%3Csvg%20xmlns%3D&#39;http%3A%2F%2Fwww.w3.org%2F2000%2Fsvg&#39;%20viewBox%3D&#39;0%200%20360%20127&#39;%2F%3E\" data-src=\"https:\/\/www.flexigard.fr\/wp-content\/uploads\/2025\/03\/SAIP-2024-Site.png\" data-srcset=\"https:\/\/www.flexigard.fr\/wp-content\/uploads\/2025\/03\/SAIP-2024-Site.png 360w\" loading=\"eager\" style=\"--ratio: 360 \/ 127\" sizes=\"(max-width: 360px) 100vw, 360px\" width=\"360\" height=\"127\"  data-dt-location=\"https:\/\/www.flexigard.fr\/de\/contact\/saip-2024-site\/\" alt=\"\" \/><\/a><\/div><\/div><\/div><span id=\"creative-link-wrap-3120\" class=\"ult_main_cl ult-adjust-bottom-margin  \" >\n\t \t\t\t<span class=\"  ult_crlink\" >\n\t\t\t\t\t<a  data-ultimate-target='#creative-link-wrap-3120 .ult_colorlink'  data-responsive-json-new='{\"font-size\":\"desktop:26px;\",\"line-height\":\"desktop:32px;\"}'  href=\"https:\/\/www.saip-environnement.fr\/\" target=\"_blank\" rel=\"noopener\"  class=\"ult_colorlink ult-responsive  vc_custom_1648028297285\" style=\"font-family:Open Sans Condensed;font-weight:700; \"  data-textcolor=\"#333333\" data-texthover=\"#ec1c24\"data-style=\"\">\n\t\t\t\t\t\t\n\t\t\t\t\t\t<span data-hover=\"S.A.I.P Umwelt\" style=\"color:#333333;;;\" class=\"ult_btn10_span   \">S.A.I.P Umwelt<\/span>\n\t\t\t\t\t\t\n\t\t\t\t\t<\/a>\n\t\t\t\t<\/span>\n\t\t\t<\/span>[vc_column_text css=&#8220;.vc_custom_1648028504072{margin-top: -40px !important;}&#8220;]<\/p>\n<p style=\"text-align: center;\">Komplette thermoplastische L\u00f6sungen f\u00fcr die Behandlung und Entschmutzung von gasf\u00f6rmigen Abw\u00e4ssern und f\u00fcr die Reinigung von Abluft.<\/p>\n<p>[\/vc_column_text][\/vc_column_inner][\/vc_row_inner][vc_row_inner][vc_column_inner]<style type=\"text\/css\" data-type=\"the7_shortcodes-inline-css\">.shortcode-single-image-wrap.shortcode-single-image-573ad80f8d339483eb5553cb371773fc.enable-bg-rollover .rollover i,\n.shortcode-single-image-wrap.shortcode-single-image-573ad80f8d339483eb5553cb371773fc.enable-bg-rollover .rollover-video i {\n  background: -webkit-linear-gradient();\n  background: linear-gradient();\n}\n.shortcode-single-image-wrap.shortcode-single-image-573ad80f8d339483eb5553cb371773fc .rollover-icon {\n  font-size: 32px;\n  color: #ffffff;\n  min-width: 44px;\n  min-height: 44px;\n  line-height: 44px;\n  border-radius: 100px;\n  border-style: solid;\n  border-width: 0px;\n}\n.dt-icon-bg-on.shortcode-single-image-wrap.shortcode-single-image-573ad80f8d339483eb5553cb371773fc .rollover-icon {\n  background: rgba(255,255,255,0.3);\n  box-shadow: none;\n}<\/style><div class=\"shortcode-single-image-wrap shortcode-single-image-573ad80f8d339483eb5553cb371773fc alignnone caption-on  vc_custom_1743086934816 enable-bg-rollover dt-icon-bg-off\"  data-pretty-share=\"facebook,twitter,pinterest,linkedin,whatsapp\"><div class=\"shortcode-single-image\"><div class=\"fancy-media-wrap\" style=\"\"><a href=\"https:\/\/www.flexigard.fr\" class=\" layzr-bg rollover\" style=\"\" aria-label=\"Image\"><img decoding=\"async\" class=\"preload-me lazy-load aspect\" src=\"data:image\/svg+xml,%3Csvg%20xmlns%3D&#39;http%3A%2F%2Fwww.w3.org%2F2000%2Fsvg&#39;%20viewBox%3D&#39;0%200%20360%20127&#39;%2F%3E\" data-src=\"https:\/\/www.flexigard.fr\/wp-content\/uploads\/2019\/07\/Flexi-Mini.png\" data-srcset=\"https:\/\/www.flexigard.fr\/wp-content\/uploads\/2019\/07\/Flexi-Mini.png 360w\" loading=\"eager\" style=\"--ratio: 360 \/ 127\" sizes=\"(max-width: 360px) 100vw, 360px\" width=\"360\" height=\"127\"  data-dt-location=\"https:\/\/www.flexigard.fr\/de\/flexi-mini\/\" alt=\"Flexigard\u00ae By Comaplex\" \/><\/a><\/div><\/div><div class=\"shortcode-single-caption\">Flexigard\u00ae By Comaplex<\/div><\/div><span id=\"creative-link-wrap-6892\" class=\"ult_main_cl ult-adjust-bottom-margin  \" >\n\t \t\t\t<span class=\"  ult_crlink\" >\n\t\t\t\t\t<a  data-ultimate-target='#creative-link-wrap-6892 .ult_colorlink'  data-responsive-json-new='{\"font-size\":\"desktop:26px;\",\"line-height\":\"desktop:32px;\"}'  href=\"https:\/\/www.flexigard.fr\" target=\"_blank\" rel=\"noopener\"  class=\"ult_colorlink ult-responsive  vc_custom_1564493874216\" style=\"font-family:Open Sans Condensed;font-weight:700; \"  data-textcolor=\"#333333\" data-texthover=\"#ec1c24\"data-style=\"\">\n\t\t\t\t\t\t\n\t\t\t\t\t\t<span data-hover=\"Flexigard\" style=\"color:#333333;;;\" class=\"ult_btn10_span   \">Flexigard<\/span>\n\t\t\t\t\t\t\n\t\t\t\t\t<\/a>\n\t\t\t\t<\/span>\n\t\t\t<\/span>[vc_column_text css=&#8220;.vc_custom_1648028486863{margin-top: -40px !important;}&#8220;]<\/p>\n<p style=\"text-align: center;\">Eine entwickelte und eingetragene franz\u00f6sische Marke \u2013 Unzerbrechliche Schutzverglasungen aus Polycarbonat.<\/p>\n<p>[\/vc_column_text][\/vc_column_inner][\/vc_row_inner]<\/div>[\/vc_column][\/vc_row]<\/p>\n<\/div>","protected":false},"excerpt":{"rendered":"<p>[vc_row][vc_column][\/vc_column][\/vc_row][vc_row type=&#8220;vc_default&#8220; css=&#8220;.vc_custom_1553595930569{padding-top: 30px !important;padding-bottom: 70px !important;}&#8220;][vc_column width=&#8220;1\/3&#8243; css=&#8220;.vc_custom_1649856909319{padding-right: 50px !important;padding-left: 50px !important;}&#8220;][vc_video link=&#8220;https:\/\/youtu.be\/av7IgRUl3w0&#8243; el_aspect=&#8220;916&#8243; align=&#8220;center&#8220; css_animation=&#8220;fadeIn&#8220;][\/vc_column][vc_column width=&#8220;2\/3&#8243; css=&#8220;.vc_custom_1649856925657{padding-top: 20px !important;}&#8220;][vc_column_text] Praxissituation: die Wirksamkeit unserer ECE R43-homologierten FLEXIGARD Verglasungen Wie Sie in diesem Video sehen k\u00f6nnen, sch\u00fctzen die H\u00e4rte und Widerstandsf\u00e4higkeit der FLEXIGARD Polycarbonat-Sicherheitsverglasungen im Gegensatz zu Glas bei Steinschlag, Projektileinschl\u00e4gen oder Vandalismus. Polycarbonat wird&hellip;<\/p>\n","protected":false},"author":1,"featured_media":0,"parent":0,"menu_order":200,"comment_status":"closed","ping_status":"closed","template":"","meta":{"cybocfi_hide_featured_image":"","footnotes":""},"class_list":["post-7067","page","type-page","status-publish","hentry","description-off"],"yoast_head":"<!-- This site is optimized with the Yoast SEO plugin v27.5 - https:\/\/yoast.com\/product\/yoast-seo-wordpress\/ -->\n<title>Die T\u00e4tigkeitsbereiche der Flexigard\u00ae Polycarbonatverglasungen<\/title>\n<meta name=\"description\" content=\"Herstellung von Polycarbonatverglasungen f\u00fcr alle Fahrzeugtypen: Einsatzfahrzeuge der Ordnungskr\u00e4fte, Flurf\u00f6rderzeuge, Baumaschinen, Landwirtschaftsfahrzeuge, Tourismus, Motorsport oder maritime Anwendungen.\" \/>\n<meta name=\"robots\" content=\"index, follow, max-snippet:-1, max-image-preview:large, max-video-preview:-1\" \/>\n<link rel=\"canonical\" href=\"https:\/\/www.flexigard.fr\/de\/einsatzbereiche\/\" \/>\n<meta property=\"og:locale\" content=\"de_DE\" \/>\n<meta property=\"og:type\" content=\"article\" \/>\n<meta property=\"og:title\" content=\"Die T\u00e4tigkeitsbereiche der Flexigard\u00ae Polycarbonatverglasungen\" \/>\n<meta property=\"og:description\" content=\"Herstellung von Polycarbonatverglasungen f\u00fcr alle Fahrzeugtypen: Einsatzfahrzeuge der Ordnungskr\u00e4fte, Flurf\u00f6rderzeuge, Baumaschinen, Landwirtschaftsfahrzeuge, Tourismus, Motorsport oder maritime Anwendungen.\" \/>\n<meta property=\"og:url\" content=\"https:\/\/www.flexigard.fr\/de\/einsatzbereiche\/\" \/>\n<meta property=\"og:site_name\" content=\"Flexigard\u00ae Vitrage polycarbonate\" \/>\n<meta property=\"article:modified_time\" content=\"2026-02-13T16:25:53+00:00\" \/>\n<meta name=\"twitter:card\" content=\"summary_large_image\" \/>\n<meta name=\"twitter:label1\" content=\"Gesch\u00e4tzte Lesezeit\" \/>\n\t<meta name=\"twitter:data1\" content=\"4\u00a0Minuten\" \/>\n<script type=\"application\/ld+json\" class=\"yoast-schema-graph\">{\"@context\":\"https:\\\/\\\/schema.org\",\"@graph\":[{\"@type\":\"WebPage\",\"@id\":\"https:\\\/\\\/www.flexigard.fr\\\/de\\\/einsatzbereiche\\\/\",\"url\":\"https:\\\/\\\/www.flexigard.fr\\\/de\\\/einsatzbereiche\\\/\",\"name\":\"Die T\u00e4tigkeitsbereiche der Flexigard\u00ae Polycarbonatverglasungen\",\"isPartOf\":{\"@id\":\"https:\\\/\\\/www.flexigard.fr\\\/de\\\/#website\"},\"datePublished\":\"2022-09-08T14:21:38+00:00\",\"dateModified\":\"2026-02-13T16:25:53+00:00\",\"description\":\"Herstellung von Polycarbonatverglasungen f\u00fcr alle Fahrzeugtypen: Einsatzfahrzeuge der Ordnungskr\u00e4fte, Flurf\u00f6rderzeuge, Baumaschinen, Landwirtschaftsfahrzeuge, Tourismus, Motorsport oder maritime Anwendungen.\",\"breadcrumb\":{\"@id\":\"https:\\\/\\\/www.flexigard.fr\\\/de\\\/einsatzbereiche\\\/#breadcrumb\"},\"inLanguage\":\"de\",\"potentialAction\":[{\"@type\":\"ReadAction\",\"target\":[\"https:\\\/\\\/www.flexigard.fr\\\/de\\\/einsatzbereiche\\\/\"]}]},{\"@type\":\"BreadcrumbList\",\"@id\":\"https:\\\/\\\/www.flexigard.fr\\\/de\\\/einsatzbereiche\\\/#breadcrumb\",\"itemListElement\":[{\"@type\":\"ListItem\",\"position\":1,\"name\":\"Accueil\",\"item\":\"https:\\\/\\\/www.flexigard.fr\\\/de\\\/startseite\\\/\"},{\"@type\":\"ListItem\",\"position\":2,\"name\":\"T\u00e4tigkeitsbereiche f\u00fcr Polycarbonatverglasungen\"}]},{\"@type\":\"WebSite\",\"@id\":\"https:\\\/\\\/www.flexigard.fr\\\/de\\\/#website\",\"url\":\"https:\\\/\\\/www.flexigard.fr\\\/de\\\/\",\"name\":\"Flexigard\u00ae Vitrage polycarbonate\",\"description\":\"Vitrages de protection en polycarbonate\",\"publisher\":{\"@id\":\"https:\\\/\\\/www.flexigard.fr\\\/de\\\/#organization\"},\"potentialAction\":[{\"@type\":\"SearchAction\",\"target\":{\"@type\":\"EntryPoint\",\"urlTemplate\":\"https:\\\/\\\/www.flexigard.fr\\\/de\\\/?s={search_term_string}\"},\"query-input\":{\"@type\":\"PropertyValueSpecification\",\"valueRequired\":true,\"valueName\":\"search_term_string\"}}],\"inLanguage\":\"de\"},{\"@type\":\"Organization\",\"@id\":\"https:\\\/\\\/www.flexigard.fr\\\/de\\\/#organization\",\"name\":\"Comaplex fabricant de la marque Flexigard\u00ae\",\"url\":\"https:\\\/\\\/www.flexigard.fr\\\/de\\\/\",\"logo\":{\"@type\":\"ImageObject\",\"inLanguage\":\"de\",\"@id\":\"https:\\\/\\\/www.flexigard.fr\\\/de\\\/#\\\/schema\\\/logo\\\/image\\\/\",\"url\":\"https:\\\/\\\/www.flexigard.fr\\\/wp-content\\\/uploads\\\/2019\\\/03\\\/logo-Comaplex-Ingeplast.jpg\",\"contentUrl\":\"https:\\\/\\\/www.flexigard.fr\\\/wp-content\\\/uploads\\\/2019\\\/03\\\/logo-Comaplex-Ingeplast.jpg\",\"width\":440,\"height\":218,\"caption\":\"Comaplex fabricant de la marque Flexigard\u00ae\"},\"image\":{\"@id\":\"https:\\\/\\\/www.flexigard.fr\\\/de\\\/#\\\/schema\\\/logo\\\/image\\\/\"},\"sameAs\":[\"https:\\\/\\\/fr.linkedin.com\\\/company\\\/comaplex-usinage-plastique\"]}]}<\/script>\n<!-- \/ Yoast SEO plugin. -->","yoast_head_json":{"title":"Die T\u00e4tigkeitsbereiche der Flexigard\u00ae Polycarbonatverglasungen","description":"Herstellung von Polycarbonatverglasungen f\u00fcr alle Fahrzeugtypen: Einsatzfahrzeuge der Ordnungskr\u00e4fte, Flurf\u00f6rderzeuge, Baumaschinen, Landwirtschaftsfahrzeuge, Tourismus, Motorsport oder maritime Anwendungen.","robots":{"index":"index","follow":"follow","max-snippet":"max-snippet:-1","max-image-preview":"max-image-preview:large","max-video-preview":"max-video-preview:-1"},"canonical":"https:\/\/www.flexigard.fr\/de\/einsatzbereiche\/","og_locale":"de_DE","og_type":"article","og_title":"Die T\u00e4tigkeitsbereiche der Flexigard\u00ae Polycarbonatverglasungen","og_description":"Herstellung von Polycarbonatverglasungen f\u00fcr alle Fahrzeugtypen: Einsatzfahrzeuge der Ordnungskr\u00e4fte, Flurf\u00f6rderzeuge, Baumaschinen, Landwirtschaftsfahrzeuge, Tourismus, Motorsport oder maritime Anwendungen.","og_url":"https:\/\/www.flexigard.fr\/de\/einsatzbereiche\/","og_site_name":"Flexigard\u00ae Vitrage polycarbonate","article_modified_time":"2026-02-13T16:25:53+00:00","twitter_card":"summary_large_image","twitter_misc":{"Gesch\u00e4tzte Lesezeit":"4\u00a0Minuten"},"schema":{"@context":"https:\/\/schema.org","@graph":[{"@type":"WebPage","@id":"https:\/\/www.flexigard.fr\/de\/einsatzbereiche\/","url":"https:\/\/www.flexigard.fr\/de\/einsatzbereiche\/","name":"Die T\u00e4tigkeitsbereiche der Flexigard\u00ae Polycarbonatverglasungen","isPartOf":{"@id":"https:\/\/www.flexigard.fr\/de\/#website"},"datePublished":"2022-09-08T14:21:38+00:00","dateModified":"2026-02-13T16:25:53+00:00","description":"Herstellung von Polycarbonatverglasungen f\u00fcr alle Fahrzeugtypen: Einsatzfahrzeuge der Ordnungskr\u00e4fte, Flurf\u00f6rderzeuge, Baumaschinen, Landwirtschaftsfahrzeuge, Tourismus, Motorsport oder maritime Anwendungen.","breadcrumb":{"@id":"https:\/\/www.flexigard.fr\/de\/einsatzbereiche\/#breadcrumb"},"inLanguage":"de","potentialAction":[{"@type":"ReadAction","target":["https:\/\/www.flexigard.fr\/de\/einsatzbereiche\/"]}]},{"@type":"BreadcrumbList","@id":"https:\/\/www.flexigard.fr\/de\/einsatzbereiche\/#breadcrumb","itemListElement":[{"@type":"ListItem","position":1,"name":"Accueil","item":"https:\/\/www.flexigard.fr\/de\/startseite\/"},{"@type":"ListItem","position":2,"name":"T\u00e4tigkeitsbereiche f\u00fcr Polycarbonatverglasungen"}]},{"@type":"WebSite","@id":"https:\/\/www.flexigard.fr\/de\/#website","url":"https:\/\/www.flexigard.fr\/de\/","name":"Flexigard\u00ae Vitrage polycarbonate","description":"Vitrages de protection en polycarbonate","publisher":{"@id":"https:\/\/www.flexigard.fr\/de\/#organization"},"potentialAction":[{"@type":"SearchAction","target":{"@type":"EntryPoint","urlTemplate":"https:\/\/www.flexigard.fr\/de\/?s={search_term_string}"},"query-input":{"@type":"PropertyValueSpecification","valueRequired":true,"valueName":"search_term_string"}}],"inLanguage":"de"},{"@type":"Organization","@id":"https:\/\/www.flexigard.fr\/de\/#organization","name":"Comaplex fabricant de la marque Flexigard\u00ae","url":"https:\/\/www.flexigard.fr\/de\/","logo":{"@type":"ImageObject","inLanguage":"de","@id":"https:\/\/www.flexigard.fr\/de\/#\/schema\/logo\/image\/","url":"https:\/\/www.flexigard.fr\/wp-content\/uploads\/2019\/03\/logo-Comaplex-Ingeplast.jpg","contentUrl":"https:\/\/www.flexigard.fr\/wp-content\/uploads\/2019\/03\/logo-Comaplex-Ingeplast.jpg","width":440,"height":218,"caption":"Comaplex fabricant de la marque Flexigard\u00ae"},"image":{"@id":"https:\/\/www.flexigard.fr\/de\/#\/schema\/logo\/image\/"},"sameAs":["https:\/\/fr.linkedin.com\/company\/comaplex-usinage-plastique"]}]}},"_links":{"self":[{"href":"https:\/\/www.flexigard.fr\/de\/wp-json\/wp\/v2\/pages\/7067","targetHints":{"allow":["GET"]}}],"collection":[{"href":"https:\/\/www.flexigard.fr\/de\/wp-json\/wp\/v2\/pages"}],"about":[{"href":"https:\/\/www.flexigard.fr\/de\/wp-json\/wp\/v2\/types\/page"}],"author":[{"embeddable":true,"href":"https:\/\/www.flexigard.fr\/de\/wp-json\/wp\/v2\/users\/1"}],"replies":[{"embeddable":true,"href":"https:\/\/www.flexigard.fr\/de\/wp-json\/wp\/v2\/comments?post=7067"}],"version-history":[{"count":5,"href":"https:\/\/www.flexigard.fr\/de\/wp-json\/wp\/v2\/pages\/7067\/revisions"}],"predecessor-version":[{"id":10563,"href":"https:\/\/www.flexigard.fr\/de\/wp-json\/wp\/v2\/pages\/7067\/revisions\/10563"}],"wp:attachment":[{"href":"https:\/\/www.flexigard.fr\/de\/wp-json\/wp\/v2\/media?parent=7067"}],"curies":[{"name":"wp","href":"https:\/\/api.w.org\/{rel}","templated":true}]}}